{"id":68350,"date":"2015-07-14T16:10:55","date_gmt":"2015-07-14T13:10:55","guid":{"rendered":"https:\/\/www.kirkonulkomaanapu.fi\/om-oss\/arsoversikt-2014\/hallinto\/"},"modified":"2015-07-14T16:07:12","modified_gmt":"2015-07-14T13:07:12","slug":"forvaltning","status":"publish","type":"page","link":"https:\/\/www.kirkonulkomaanapu.fi\/sv\/om-oss\/historia\/arsoversikt-2014\/forvaltning\/","title":{"rendered":"F\u00f6rvaltning"},"content":{"rendered":"<p>Stiftelsen Kyrkans Utlandshj\u00e4lp leds av en styrelse med elva medlemmar. Styrelsen \u00e4r tillsatt av kyrkans utrikesr\u00e5d. Styrelsen bitr\u00e4ds av ett arbetsutskott med tre medlemmar. Styrelsen sammantr\u00e4dde \u00e5r 2014 fyra g\u00e5nger. Dessutom h\u00f6ll arbetsutskottet fem e-postm\u00f6ten och kom samman med granskningsutskottet tv\u00e5 g\u00e5nger.<\/p>\n<h2>Kyrkans Utlandshj\u00e4lpens styrelsen 2014<\/h2>\n<p>Ordf\u00f6rande: Verkst\u00e4llande direkt\u00f6r <strong>Anni Veps\u00e4l\u00e4inen<\/strong><br \/>\nVice ordf\u00f6rande: Biskop <strong>Tapio Luoma<\/strong><\/p>\n<p>Medlemmar:<br \/>\nSakkunnig p\u00e5 internationella \u00e4rendena <strong>Tarja Kantola<\/strong>,<br \/>\ndirektor <strong>Sixten Ekstrand<\/strong>,<br \/>\necklesiastikr\u00e5det <strong>Kimmo K\u00e4\u00e4ri\u00e4inen<\/strong>,<br \/>\nbiskop <strong>Tapio Luoma<\/strong>,<br \/>\nredakt\u00f6r <strong>Reetta Meril\u00e4inen<\/strong>,<br \/>\nekonomie magister <strong>Ritva Ohmeroluoma<\/strong>,<br \/>\neuroparlamentariker <strong>Sirpa Pietik\u00e4inen<\/strong>,<br \/>\nkyrkoherde <strong>Olli-Pekka Silfverhuth<\/strong>,<br \/>\nstiftssekreterare <strong>Helena Tuominen<\/strong> ja<br \/>\nhandelsr\u00e5det <strong>Kent Wilska<\/strong>.<\/p>\n<p>Ers\u00e4ttare:<br \/>\nAdvokat <strong>Tuomas Aho<\/strong>,<br \/>\ngeneralsekreterare <strong>Katri Korolainen<\/strong> och<br \/>\ndirektor <strong>Ilkka Mattila<\/strong><\/p>\n<p>Sekreterare:<br \/>\nVerksamhetsledare\u00a0<strong>Antti Pentik\u00e4inen.<\/strong><\/p>\n<h3>Arbetsutskottet<\/h3>\n<p>Ordf\u00f6rande <strong>Anni Veps\u00e4l\u00e4inen<\/strong>,<br \/>\npersonlig ers\u00e4ttare <strong>Kimmo K\u00e4\u00e4ri\u00e4inen<\/strong><\/p>\n<p>Medlemmar:<br \/>\n<strong>Helena Tuominen<\/strong>, personlig ers\u00e4ttare <strong>Tarja Kantola<\/strong>,<br \/>\n<strong>Kent Wilska<\/strong>, personlig ers\u00e4ttare <strong>Tuomas Aho<\/strong><br \/>\noch sekreterare <strong>Antti Pentik\u00e4inen<\/strong>.<\/p>\n<h3>Av styrelsen kallade sakkunniga medlemmar<\/h3>\n<p>Generalsekreterare <strong>Heikki Huttunen<\/strong>,<br \/>\ndirektor <strong>Risto Jukko<\/strong>,<br \/>\ndirektor <strong>Kalle Kuusim\u00e4ki\u00a0<\/strong>och<br \/>\nprojektchef <strong>Riina Nguyen.<\/strong><\/p>\n<h3>Granskningsutskottet<\/h3>\n<p>Ordf\u00f6rande: <strong>Ritva Ohmeroluoma<\/strong>,<br \/>\nMedlemmar: <strong>Tuomas Aho<\/strong> och <strong>Katri Korolainen<\/strong>.<\/p>\n<p>Verksamhetsledare<strong> Antti Pentik\u00e4inen<\/strong> representerade Kyrkans Utlandshj\u00e4lp i olika samarbetsn\u00e4tverk enligt f\u00f6ljande: Medlem i ledningsgruppen f\u00f6r Kyrkans utrikesavdelning, sakkunnig i Kommitt\u00e9n f\u00f6r kyrkans missionsarbete, medlem i Stiftelsen N\u00e4sdagens styrelse, sakkunnigmedlem i styrelsen f\u00f6r den finl\u00e4ndska Ortodoxa kyrkans utlandshj\u00e4lp, medlem i insamlingskommitt\u00e9n f\u00f6r Gemensamt Ansvar, medlem i f\u00f6rvaltningsr\u00e5det f\u00f6r stiftelsen Helsingfors Diakonissanstalt, medlem i Helsinfors Universitetets styrelse, ordf\u00f6rande f\u00f6r UNDP:s Civil Society Advisory Committee.<\/p>\n","protected":false},"excerpt":{"rendered":"<p>Stiftelsen Kyrkans Utlandshj\u00e4lp leds av en styrelse med elva medlemmar. Styrelsen \u00e4r tillsatt av kyrkans utrikesr\u00e5d. Styrelsen bitr\u00e4ds av ett arbetsutskott med tre medlemmar. Styrelsen sammantr\u00e4dde \u00e5r 2014 fyra g\u00e5nger. Dessutom h\u00f6ll arbetsutskottet fem e-postm\u00f6ten och kom samman med granskningsutskottet tv\u00e5 g\u00e5nger. Kyrkans Utlandshj\u00e4lpens styrelsen 2014 Ordf\u00f6rande: Verkst\u00e4llande direkt\u00f6r Anni Veps\u00e4l\u00e4inen Vice ordf\u00f6rande: Biskop Tapio [&hellip;]<\/p>\n","protected":false},"author":7,"featured_media":68133,"parent":68252,"menu_order":0,"comment_status":"closed","ping_status":"open","template":"page-templates\/vuosikertomus.php","meta":{"_acf_changed":false,"_relevanssi_hide_post":"","_relevanssi_hide_content":"","_relevanssi_pin_for_all":"","_relevanssi_pin_keywords":"","_relevanssi_unpin_keywords":"","_relevanssi_related_keywords":"","_relevanssi_related_include_ids":"","_relevanssi_related_exclude_ids":"","_relevanssi_related_no_append":"","_relevanssi_related_not_related":"","_relevanssi_related_posts":"","_relevanssi_noindex_reason":"","_improvement_type_select":"improve_an_existing","_thumb_yes_seoaic":false,"_frame_yes_seoaic":false,"seoaic_generate_description":"","seoaic_improve_instructions_prompt":"","seoaic_rollback_content_improvement":"","seoaic_idea_thumbnail_generator":"","thumbnail_generated":false,"thumbnail_generate_prompt":"","seoaic_article_description":"","footnotes":""},"class_list":["post-68350","page","type-page","status-publish","has-post-thumbnail","hentry"],"acf":[],"yoast_head":"<!-- This site is optimized with the Yoast SEO plugin v26.9 - https:\/\/yoast.com\/product\/yoast-seo-wordpress\/ -->\n<title>F\u00f6rvaltning - Kyrkans Utlandshj\u00e4lp<\/title>\n<meta name=\"robots\" content=\"index, follow, max-snippet:-1, max-image-preview:large, max-video-preview:-1\" \/>\n<link rel=\"canonical\" href=\"https:\/\/www.kirkonulkomaanapu.fi\/sv\/om-oss\/historia\/arsoversikt-2014\/forvaltning\/\" \/>\n<meta property=\"og:locale\" content=\"sv_SE\" \/>\n<meta property=\"og:type\" content=\"article\" \/>\n<meta property=\"og:title\" content=\"F\u00f6rvaltning - Kyrkans Utlandshj\u00e4lp\" \/>\n<meta property=\"og:description\" content=\"Stiftelsen Kyrkans Utlandshj\u00e4lp leds av en styrelse med elva medlemmar. Styrelsen \u00e4r tillsatt av kyrkans utrikesr\u00e5d. Styrelsen bitr\u00e4ds av ett arbetsutskott med tre medlemmar. Styrelsen sammantr\u00e4dde \u00e5r 2014 fyra g\u00e5nger. Dessutom h\u00f6ll arbetsutskottet fem e-postm\u00f6ten och kom samman med granskningsutskottet tv\u00e5 g\u00e5nger. Kyrkans Utlandshj\u00e4lpens styrelsen 2014 Ordf\u00f6rande: Verkst\u00e4llande direkt\u00f6r Anni Veps\u00e4l\u00e4inen Vice ordf\u00f6rande: Biskop Tapio [&hellip;]\" \/>\n<meta property=\"og:url\" content=\"https:\/\/www.kirkonulkomaanapu.fi\/sv\/om-oss\/historia\/arsoversikt-2014\/forvaltning\/\" \/>\n<meta property=\"og:site_name\" content=\"Kyrkans Utlandshj\u00e4lp\" \/>\n<meta property=\"article:publisher\" content=\"https:\/\/www.facebook.com\/Ulkomaanapu\/\" \/>\n<meta property=\"og:image\" content=\"https:\/\/www.kirkonulkomaanapu.fi\/wp-content\/uploads\/2015\/07\/Hallinto.jpg\" \/>\n\t<meta property=\"og:image:width\" content=\"1024\" \/>\n\t<meta property=\"og:image:height\" content=\"585\" \/>\n\t<meta property=\"og:image:type\" content=\"image\/jpeg\" \/>\n<meta name=\"twitter:label1\" content=\"Ber\u00e4knad l\u00e4stid\" \/>\n\t<meta name=\"twitter:data1\" content=\"1 minut\" \/>\n<script type=\"application\/ld+json\" class=\"yoast-schema-graph\">{\"@context\":\"https:\/\/schema.org\",\"@graph\":[{\"@type\":\"WebPage\",\"@id\":\"https:\/\/www.kirkonulkomaanapu.fi\/sv\/om-oss\/historia\/arsoversikt-2014\/forvaltning\/\",\"url\":\"https:\/\/www.kirkonulkomaanapu.fi\/sv\/om-oss\/historia\/arsoversikt-2014\/forvaltning\/\",\"name\":\"F\u00f6rvaltning - Kyrkans Utlandshj\u00e4lp\",\"isPartOf\":{\"@id\":\"https:\/\/www.kirkonulkomaanapu.fi\/#website\"},\"primaryImageOfPage\":{\"@id\":\"https:\/\/www.kirkonulkomaanapu.fi\/sv\/om-oss\/historia\/arsoversikt-2014\/forvaltning\/#primaryimage\"},\"image\":{\"@id\":\"https:\/\/www.kirkonulkomaanapu.fi\/sv\/om-oss\/historia\/arsoversikt-2014\/forvaltning\/#primaryimage\"},\"thumbnailUrl\":\"https:\/\/www.kirkonulkomaanapu.fi\/wp-content\/uploads\/2015\/07\/Hallinto.jpg\",\"datePublished\":\"2015-07-14T13:10:55+00:00\",\"breadcrumb\":{\"@id\":\"https:\/\/www.kirkonulkomaanapu.fi\/sv\/om-oss\/historia\/arsoversikt-2014\/forvaltning\/#breadcrumb\"},\"inLanguage\":\"sv-SE\",\"potentialAction\":[{\"@type\":\"ReadAction\",\"target\":[\"https:\/\/www.kirkonulkomaanapu.fi\/sv\/om-oss\/historia\/arsoversikt-2014\/forvaltning\/\"]}]},{\"@type\":\"ImageObject\",\"inLanguage\":\"sv-SE\",\"@id\":\"https:\/\/www.kirkonulkomaanapu.fi\/sv\/om-oss\/historia\/arsoversikt-2014\/forvaltning\/#primaryimage\",\"url\":\"https:\/\/www.kirkonulkomaanapu.fi\/wp-content\/uploads\/2015\/07\/Hallinto.jpg\",\"contentUrl\":\"https:\/\/www.kirkonulkomaanapu.fi\/wp-content\/uploads\/2015\/07\/Hallinto.jpg\",\"width\":1024,\"height\":585},{\"@type\":\"BreadcrumbList\",\"@id\":\"https:\/\/www.kirkonulkomaanapu.fi\/sv\/om-oss\/historia\/arsoversikt-2014\/forvaltning\/#breadcrumb\",\"itemListElement\":[{\"@type\":\"ListItem\",\"position\":1,\"name\":\"Home\",\"item\":\"https:\/\/www.kirkonulkomaanapu.fi\/sv\/\"},{\"@type\":\"ListItem\",\"position\":2,\"name\":\"Om oss\",\"item\":\"https:\/\/www.kirkonulkomaanapu.fi\/sv\/om-oss\/\"},{\"@type\":\"ListItem\",\"position\":3,\"name\":\"Historia\",\"item\":\"https:\/\/www.kirkonulkomaanapu.fi\/sv\/om-oss\/historia\/\"},{\"@type\":\"ListItem\",\"position\":4,\"name\":\"\u00c5rs\u00f6versikt 2014\",\"item\":\"https:\/\/www.kirkonulkomaanapu.fi\/sv\/om-oss\/historia\/arsoversikt-2014\/\"},{\"@type\":\"ListItem\",\"position\":5,\"name\":\"F\u00f6rvaltning\"}]},{\"@type\":\"WebSite\",\"@id\":\"https:\/\/www.kirkonulkomaanapu.fi\/#website\",\"url\":\"https:\/\/www.kirkonulkomaanapu.fi\/\",\"name\":\"Kirkon Ulkomaanapu\",\"description\":\"Suomen suurin kehitysyhteisty\u00f6j\u00e4rjest\u00f6\",\"publisher\":{\"@id\":\"https:\/\/www.kirkonulkomaanapu.fi\/#organization\"},\"alternateName\":\"KUA\",\"potentialAction\":[{\"@type\":\"SearchAction\",\"target\":{\"@type\":\"EntryPoint\",\"urlTemplate\":\"https:\/\/www.kirkonulkomaanapu.fi\/?s={search_term_string}\"},\"query-input\":{\"@type\":\"PropertyValueSpecification\",\"valueRequired\":true,\"valueName\":\"search_term_string\"}}],\"inLanguage\":\"sv-SE\"},{\"@type\":\"Organization\",\"@id\":\"https:\/\/www.kirkonulkomaanapu.fi\/#organization\",\"name\":\"Kirkon Ulkomaanapu\",\"alternateName\":\"KUA\",\"url\":\"https:\/\/www.kirkonulkomaanapu.fi\/\",\"logo\":{\"@type\":\"ImageObject\",\"inLanguage\":\"sv-SE\",\"@id\":\"https:\/\/www.kirkonulkomaanapu.fi\/#\/schema\/logo\/image\/\",\"url\":\"https:\/\/www.kirkonulkomaanapu.fi\/wp-content\/uploads\/2026\/02\/Kirkon-ulkomaanapu-logo-1.png\",\"contentUrl\":\"https:\/\/www.kirkonulkomaanapu.fi\/wp-content\/uploads\/2026\/02\/Kirkon-ulkomaanapu-logo-1.png\",\"width\":225,\"height\":225,\"caption\":\"Kirkon Ulkomaanapu\"},\"image\":{\"@id\":\"https:\/\/www.kirkonulkomaanapu.fi\/#\/schema\/logo\/image\/\"},\"sameAs\":[\"https:\/\/www.facebook.com\/Ulkomaanapu\/\",\"https:\/\/www.youtube.com\/user\/kirkonulkomaanapu\",\"https:\/\/instagram.com\/kirkon_ulkomaanapu\/\",\"https:\/\/www.linkedin.com\/company\/finn-church-aid\/\"]}]}<\/script>\n<!-- \/ Yoast SEO plugin. -->","yoast_head_json":{"title":"F\u00f6rvaltning - Kyrkans Utlandshj\u00e4lp","robots":{"index":"index","follow":"follow","max-snippet":"max-snippet:-1","max-image-preview":"max-image-preview:large","max-video-preview":"max-video-preview:-1"},"canonical":"https:\/\/www.kirkonulkomaanapu.fi\/sv\/om-oss\/historia\/arsoversikt-2014\/forvaltning\/","og_locale":"sv_SE","og_type":"article","og_title":"F\u00f6rvaltning - Kyrkans Utlandshj\u00e4lp","og_description":"Stiftelsen Kyrkans Utlandshj\u00e4lp leds av en styrelse med elva medlemmar. Styrelsen \u00e4r tillsatt av kyrkans utrikesr\u00e5d. Styrelsen bitr\u00e4ds av ett arbetsutskott med tre medlemmar. Styrelsen sammantr\u00e4dde \u00e5r 2014 fyra g\u00e5nger. Dessutom h\u00f6ll arbetsutskottet fem e-postm\u00f6ten och kom samman med granskningsutskottet tv\u00e5 g\u00e5nger. Kyrkans Utlandshj\u00e4lpens styrelsen 2014 Ordf\u00f6rande: Verkst\u00e4llande direkt\u00f6r Anni Veps\u00e4l\u00e4inen Vice ordf\u00f6rande: Biskop Tapio [&hellip;]","og_url":"https:\/\/www.kirkonulkomaanapu.fi\/sv\/om-oss\/historia\/arsoversikt-2014\/forvaltning\/","og_site_name":"Kyrkans Utlandshj\u00e4lp","article_publisher":"https:\/\/www.facebook.com\/Ulkomaanapu\/","og_image":[{"width":1024,"height":585,"url":"https:\/\/www.kirkonulkomaanapu.fi\/wp-content\/uploads\/2015\/07\/Hallinto.jpg","type":"image\/jpeg"}],"twitter_misc":{"Ber\u00e4knad l\u00e4stid":"1 minut"},"schema":{"@context":"https:\/\/schema.org","@graph":[{"@type":"WebPage","@id":"https:\/\/www.kirkonulkomaanapu.fi\/sv\/om-oss\/historia\/arsoversikt-2014\/forvaltning\/","url":"https:\/\/www.kirkonulkomaanapu.fi\/sv\/om-oss\/historia\/arsoversikt-2014\/forvaltning\/","name":"F\u00f6rvaltning - Kyrkans Utlandshj\u00e4lp","isPartOf":{"@id":"https:\/\/www.kirkonulkomaanapu.fi\/#website"},"primaryImageOfPage":{"@id":"https:\/\/www.kirkonulkomaanapu.fi\/sv\/om-oss\/historia\/arsoversikt-2014\/forvaltning\/#primaryimage"},"image":{"@id":"https:\/\/www.kirkonulkomaanapu.fi\/sv\/om-oss\/historia\/arsoversikt-2014\/forvaltning\/#primaryimage"},"thumbnailUrl":"https:\/\/www.kirkonulkomaanapu.fi\/wp-content\/uploads\/2015\/07\/Hallinto.jpg","datePublished":"2015-07-14T13:10:55+00:00","breadcrumb":{"@id":"https:\/\/www.kirkonulkomaanapu.fi\/sv\/om-oss\/historia\/arsoversikt-2014\/forvaltning\/#breadcrumb"},"inLanguage":"sv-SE","potentialAction":[{"@type":"ReadAction","target":["https:\/\/www.kirkonulkomaanapu.fi\/sv\/om-oss\/historia\/arsoversikt-2014\/forvaltning\/"]}]},{"@type":"ImageObject","inLanguage":"sv-SE","@id":"https:\/\/www.kirkonulkomaanapu.fi\/sv\/om-oss\/historia\/arsoversikt-2014\/forvaltning\/#primaryimage","url":"https:\/\/www.kirkonulkomaanapu.fi\/wp-content\/uploads\/2015\/07\/Hallinto.jpg","contentUrl":"https:\/\/www.kirkonulkomaanapu.fi\/wp-content\/uploads\/2015\/07\/Hallinto.jpg","width":1024,"height":585},{"@type":"BreadcrumbList","@id":"https:\/\/www.kirkonulkomaanapu.fi\/sv\/om-oss\/historia\/arsoversikt-2014\/forvaltning\/#breadcrumb","itemListElement":[{"@type":"ListItem","position":1,"name":"Home","item":"https:\/\/www.kirkonulkomaanapu.fi\/sv\/"},{"@type":"ListItem","position":2,"name":"Om oss","item":"https:\/\/www.kirkonulkomaanapu.fi\/sv\/om-oss\/"},{"@type":"ListItem","position":3,"name":"Historia","item":"https:\/\/www.kirkonulkomaanapu.fi\/sv\/om-oss\/historia\/"},{"@type":"ListItem","position":4,"name":"\u00c5rs\u00f6versikt 2014","item":"https:\/\/www.kirkonulkomaanapu.fi\/sv\/om-oss\/historia\/arsoversikt-2014\/"},{"@type":"ListItem","position":5,"name":"F\u00f6rvaltning"}]},{"@type":"WebSite","@id":"https:\/\/www.kirkonulkomaanapu.fi\/#website","url":"https:\/\/www.kirkonulkomaanapu.fi\/","name":"Kirkon Ulkomaanapu","description":"Suomen suurin kehitysyhteisty\u00f6j\u00e4rjest\u00f6","publisher":{"@id":"https:\/\/www.kirkonulkomaanapu.fi\/#organization"},"alternateName":"KUA","potentialAction":[{"@type":"SearchAction","target":{"@type":"EntryPoint","urlTemplate":"https:\/\/www.kirkonulkomaanapu.fi\/?s={search_term_string}"},"query-input":{"@type":"PropertyValueSpecification","valueRequired":true,"valueName":"search_term_string"}}],"inLanguage":"sv-SE"},{"@type":"Organization","@id":"https:\/\/www.kirkonulkomaanapu.fi\/#organization","name":"Kirkon Ulkomaanapu","alternateName":"KUA","url":"https:\/\/www.kirkonulkomaanapu.fi\/","logo":{"@type":"ImageObject","inLanguage":"sv-SE","@id":"https:\/\/www.kirkonulkomaanapu.fi\/#\/schema\/logo\/image\/","url":"https:\/\/www.kirkonulkomaanapu.fi\/wp-content\/uploads\/2026\/02\/Kirkon-ulkomaanapu-logo-1.png","contentUrl":"https:\/\/www.kirkonulkomaanapu.fi\/wp-content\/uploads\/2026\/02\/Kirkon-ulkomaanapu-logo-1.png","width":225,"height":225,"caption":"Kirkon Ulkomaanapu"},"image":{"@id":"https:\/\/www.kirkonulkomaanapu.fi\/#\/schema\/logo\/image\/"},"sameAs":["https:\/\/www.facebook.com\/Ulkomaanapu\/","https:\/\/www.youtube.com\/user\/kirkonulkomaanapu","https:\/\/instagram.com\/kirkon_ulkomaanapu\/","https:\/\/www.linkedin.com\/company\/finn-church-aid\/"]}]}},"_links":{"self":[{"href":"https:\/\/www.kirkonulkomaanapu.fi\/sv\/wp-json\/wp\/v2\/pages\/68350","targetHints":{"allow":["GET"]}}],"collection":[{"href":"https:\/\/www.kirkonulkomaanapu.fi\/sv\/wp-json\/wp\/v2\/pages"}],"about":[{"href":"https:\/\/www.kirkonulkomaanapu.fi\/sv\/wp-json\/wp\/v2\/types\/page"}],"author":[{"embeddable":true,"href":"https:\/\/www.kirkonulkomaanapu.fi\/sv\/wp-json\/wp\/v2\/users\/7"}],"replies":[{"embeddable":true,"href":"https:\/\/www.kirkonulkomaanapu.fi\/sv\/wp-json\/wp\/v2\/comments?post=68350"}],"version-history":[{"count":3,"href":"https:\/\/www.kirkonulkomaanapu.fi\/sv\/wp-json\/wp\/v2\/pages\/68350\/revisions"}],"predecessor-version":[{"id":68357,"href":"https:\/\/www.kirkonulkomaanapu.fi\/sv\/wp-json\/wp\/v2\/pages\/68350\/revisions\/68357"}],"up":[{"embeddable":true,"href":"https:\/\/www.kirkonulkomaanapu.fi\/sv\/wp-json\/wp\/v2\/pages\/68252"}],"wp:featuredmedia":[{"embeddable":true,"href":"https:\/\/www.kirkonulkomaanapu.fi\/sv\/wp-json\/wp\/v2\/media\/68133"}],"wp:attachment":[{"href":"https:\/\/www.kirkonulkomaanapu.fi\/sv\/wp-json\/wp\/v2\/media?parent=68350"}],"curies":[{"name":"wp","href":"https:\/\/api.w.org\/{rel}","templated":true}]}}