{"id":4360,"date":"2014-04-11T14:42:16","date_gmt":"2014-04-11T11:42:16","guid":{"rendered":"https:\/\/www.kirkonulkomaanapu.fi\/?page_id=4360"},"modified":"2015-05-05T22:56:26","modified_gmt":"2015-05-05T19:56:26","slug":"texter","status":"publish","type":"page","link":"https:\/\/www.kirkonulkomaanapu.fi\/sv\/material\/texter\/","title":{"rendered":"Texter"},"content":{"rendered":"<p>&nbsp;<\/p>\n<p>H\u00e4r finns texter s\u00e5som ber\u00e4ttelser, reseskildringar och andakter som anknyter till Utlandshj\u00e4lpens arbete och teman. De f\u00e5r anv\u00e4ndas fritt men f\u00f6rfattaren eller Kyrkans Utlandshj\u00e4lp skall uppges.<\/p>\n<p><strong> ANDAKTER OM FRED 2015 <strong><\/p>\n<p><a href=\"https:\/\/www.kirkonulkomaanapu.fi\/wp-content\/uploads\/2014\/04\/Rauha-hartaushaineistot-tunnus_LOPULLINEN_SVE.jpg\"><img loading=\"lazy\" decoding=\"async\" src=\"https:\/\/www.kirkonulkomaanapu.fi\/wp-content\/uploads\/2014\/04\/Rauha-hartaushaineistot-tunnus_LOPULLINEN_SVE-404x480.jpg\" alt=\"Rauha-hartaushaineistot-tunnus_LOPULLINEN_SVE\" width=\"404\" height=\"480\" class=\"alignnone size-medium wp-image-62860\" srcset=\"https:\/\/www.kirkonulkomaanapu.fi\/wp-content\/uploads\/2014\/04\/Rauha-hartaushaineistot-tunnus_LOPULLINEN_SVE-404x480.jpg 404w, https:\/\/www.kirkonulkomaanapu.fi\/wp-content\/uploads\/2014\/04\/Rauha-hartaushaineistot-tunnus_LOPULLINEN_SVE-862x1024.jpg 862w, https:\/\/www.kirkonulkomaanapu.fi\/wp-content\/uploads\/2014\/04\/Rauha-hartaushaineistot-tunnus_LOPULLINEN_SVE-149x178.jpg 149w, https:\/\/www.kirkonulkomaanapu.fi\/wp-content\/uploads\/2014\/04\/Rauha-hartaushaineistot-tunnus_LOPULLINEN_SVE.jpg 937w\" sizes=\"auto, (max-width: 404px) 100vw, 404px\" \/><\/a><\/p>\n<p>\u00c5r 2015 publicerar vi texter f\u00f6r andaktsbruk ca en g\u00e5ng i m\u00e5naden. Det gemensamma \u00e4mnet f\u00f6r dem \u00e4r fred, som \u00e4r Utlandshj\u00e4lpens huvudtema under \u00e5ret. <\/p>\n<p>Den fj\u00e4rde texten som har rubriken I guds rike \u00e4r allt annorlunda, \u00e4r skriven av Bj\u00f6rn Vikstr\u00f6m, Biskop i Borg\u00e5 stift, inf\u00f6r femte s\u00f6ndagen efter p\u00e5sk 10 maj. Du kommer till texten h\u00e4r: <a href=\"https:\/\/www.kirkonulkomaanapu.fi\/wp-content\/uploads\/2014\/04\/Andakt-om-fred-4.pdf\">Andakt om fred 4<\/a><\/p>\n<p>Den tredje texten som har rubriken I trygghet, \u00e4r skriven av Eija Kallinen inf\u00f6r andra s\u00f6ndagen efter p\u00e5sken 19 april. Du kommer till texten h\u00e4r :<a href=\"https:\/\/www.kirkonulkomaanapu.fi\/wp-content\/uploads\/2014\/04\/Andakt-om-fred-3.pdf\">Andakt om fred 3<\/a><\/p>\n<p>Den andra texten som har rubriken Jesus \u00f6vervinner frestelserna, \u00e4r skriven av Petri Merenlahti inf\u00f6r f\u00f6rsta s\u00f6ndagen i fastan 22 februari. Du kommer till texten h\u00e4r: <a href=\"https:\/\/www.kirkonulkomaanapu.fi\/wp-content\/uploads\/2014\/04\/Andakt-om-fred-febr.2015.pdf\">Andakt om fred febr.2015<\/a><\/p>\n<p>Den f\u00f6rsta texten, Fred \u00e4r n\u00e5got att dricka,  \u00e4r skriven av Jan Edstr\u00f6m och den publiceras inf\u00f6r B\u00f6ndagen f\u00f6r kristen enhet den 18 januari och Den ekumeniska b\u00f6neveckan som d\u00e4rp\u00e5 f\u00f6ljer. Du kommer till texten h\u00e4r : <a href=\"https:\/\/www.kirkonulkomaanapu.fi\/wp-content\/uploads\/2014\/04\/Andakt-om-fred-1.docx\">Andakt om fred (1)<\/a><\/p>\n<p><strong>1.<\/strong>\u00a0<strong>HUNGER. N\u00c5GOT ATT BITA I ?<\/strong><br \/>\nEtt andaktsmaterial fr\u00e5n kampanjen fr\u00e5n \u00e5r 2010 med samma namn. Texterna \u00e4r fortfarande aktuella och anv\u00e4ndbara. Skribenter \u00e4r bl.a. Bj\u00f6rn Vikstr\u00f6m, Camilla Ekholm, Jan Edstr\u00f6m och Stefan Fors\u00e9n.<\/p>\n<p><a href=\"https:\/\/www.kirkonulkomaanapu.fi\/wp-content\/uploads\/2014\/04\/Det-ar-dags-for-bordsbon.pdf\">Det ar dags for bordsbon<\/a><\/p>\n<p><strong>2.\u00a0HAITI ETT \u00c5R EFTER JORDB\u00c4VNINGEN<\/strong><br \/>\nEn kort presentation i bild och text av hur hj\u00e4lparbetet i Haiti kom ig\u00e5ng och vad man \u00e5stadkom ett \u00e5r efter\u00e5t.<\/p>\n<p><a href=\"https:\/\/www.kirkonulkomaanapu.fi\/wp-content\/uploads\/2014\/04\/Ett-ar-efter-jordbavningen-i-Haiti.ppt\">Ett ar efter jordbavningen i Haiti<\/a><\/p>\n<p><strong>3.\u00a0VI GL\u00d6MMER INTE HAITI<\/strong><br \/>\nAffisch<\/p>\n<p><a href=\"https:\/\/www.kirkonulkomaanapu.fi\/wp-content\/uploads\/2014\/04\/Vi-gl\u00f6mmer-inte-Haiti.pdf\">Vi gl\u00f6mmer inte Haiti<\/a><\/p>\n<p><strong>4. TACKSAMHET, en andakt f\u00f6r barn och unga<\/strong><br \/>\nTexten \u00e4r skriven \u00e4r ungdomsarbetsledaren Birgitta Udd. Den handlar om tacksamhet och l\u00e4mpar sig v\u00e4l f\u00f6r b\u00e5de barn och unga. Du kommer till texten h\u00e4r: <a href=\"https:\/\/www.kirkonulkomaanapu.fi\/wp-content\/uploads\/2014\/04\/Andakt-med-temat-tacksamhet.docx\">Andakt med temat tacksamhet<\/a><\/p>\n","protected":false},"excerpt":{"rendered":"<p>&nbsp; H\u00e4r finns texter s\u00e5som ber\u00e4ttelser, reseskildringar och andakter som anknyter till Utlandshj\u00e4lpens arbete och teman. De f\u00e5r anv\u00e4ndas fritt men f\u00f6rfattaren eller Kyrkans Utlandshj\u00e4lp skall uppges. ANDAKTER OM FRED 2015 \u00c5r 2015 publicerar vi texter f\u00f6r andaktsbruk ca en g\u00e5ng i m\u00e5naden. Det gemensamma \u00e4mnet f\u00f6r dem \u00e4r fred, som \u00e4r Utlandshj\u00e4lpens huvudtema under [&hellip;]<\/p>\n","protected":false},"author":137,"featured_media":0,"parent":2991,"menu_order":0,"comment_status":"closed","ping_status":"open","template":"page-templates\/yhteystiedot.php","meta":{"_acf_changed":false,"_relevanssi_hide_post":"","_relevanssi_hide_content":"","_relevanssi_pin_for_all":"","_relevanssi_pin_keywords":"","_relevanssi_unpin_keywords":"","_relevanssi_related_keywords":"","_relevanssi_related_include_ids":"","_relevanssi_related_exclude_ids":"","_relevanssi_related_no_append":"","_relevanssi_related_not_related":"","_relevanssi_related_posts":"","_relevanssi_noindex_reason":"","_improvement_type_select":"improve_an_existing","_thumb_yes_seoaic":false,"_frame_yes_seoaic":false,"seoaic_generate_description":"","seoaic_improve_instructions_prompt":"","seoaic_rollback_content_improvement":"","seoaic_idea_thumbnail_generator":"","thumbnail_generated":false,"thumbnail_generate_prompt":"","seoaic_article_description":"","footnotes":""},"class_list":["post-4360","page","type-page","status-publish","hentry"],"acf":[],"yoast_head":"<!-- This site is optimized with the Yoast SEO plugin v26.9 - https:\/\/yoast.com\/product\/yoast-seo-wordpress\/ -->\n<title>Texter - Kyrkans Utlandshj\u00e4lp<\/title>\n<meta name=\"robots\" content=\"index, follow, max-snippet:-1, max-image-preview:large, max-video-preview:-1\" \/>\n<link rel=\"canonical\" href=\"https:\/\/www.kirkonulkomaanapu.fi\/sv\/material\/texter\/\" \/>\n<meta property=\"og:locale\" content=\"sv_SE\" \/>\n<meta property=\"og:type\" content=\"article\" \/>\n<meta property=\"og:title\" content=\"Texter - Kyrkans Utlandshj\u00e4lp\" \/>\n<meta property=\"og:description\" content=\"&nbsp; H\u00e4r finns texter s\u00e5som ber\u00e4ttelser, reseskildringar och andakter som anknyter till Utlandshj\u00e4lpens arbete och teman. De f\u00e5r anv\u00e4ndas fritt men f\u00f6rfattaren eller Kyrkans Utlandshj\u00e4lp skall uppges. ANDAKTER OM FRED 2015 \u00c5r 2015 publicerar vi texter f\u00f6r andaktsbruk ca en g\u00e5ng i m\u00e5naden. Det gemensamma \u00e4mnet f\u00f6r dem \u00e4r fred, som \u00e4r Utlandshj\u00e4lpens huvudtema under [&hellip;]\" \/>\n<meta property=\"og:url\" content=\"https:\/\/www.kirkonulkomaanapu.fi\/sv\/material\/texter\/\" \/>\n<meta property=\"og:site_name\" content=\"Kyrkans Utlandshj\u00e4lp\" \/>\n<meta property=\"article:publisher\" content=\"https:\/\/www.facebook.com\/Ulkomaanapu\/\" \/>\n<meta property=\"article:modified_time\" content=\"2015-05-05T19:56:26+00:00\" \/>\n<meta property=\"og:image\" content=\"https:\/\/www.kirkonulkomaanapu.fi\/wp-content\/uploads\/2014\/04\/Rauha-hartaushaineistot-tunnus_LOPULLINEN_SVE-404x480.jpg\" \/>\n<meta name=\"twitter:label1\" content=\"Ber\u00e4knad l\u00e4stid\" \/>\n\t<meta name=\"twitter:data1\" content=\"2 minuter\" \/>\n<script type=\"application\/ld+json\" class=\"yoast-schema-graph\">{\"@context\":\"https:\/\/schema.org\",\"@graph\":[{\"@type\":\"WebPage\",\"@id\":\"https:\/\/www.kirkonulkomaanapu.fi\/sv\/material\/texter\/\",\"url\":\"https:\/\/www.kirkonulkomaanapu.fi\/sv\/material\/texter\/\",\"name\":\"Texter - Kyrkans Utlandshj\u00e4lp\",\"isPartOf\":{\"@id\":\"https:\/\/www.kirkonulkomaanapu.fi\/#website\"},\"primaryImageOfPage\":{\"@id\":\"https:\/\/www.kirkonulkomaanapu.fi\/sv\/material\/texter\/#primaryimage\"},\"image\":{\"@id\":\"https:\/\/www.kirkonulkomaanapu.fi\/sv\/material\/texter\/#primaryimage\"},\"thumbnailUrl\":\"https:\/\/www.kirkonulkomaanapu.fi\/wp-content\/uploads\/2014\/04\/Rauha-hartaushaineistot-tunnus_LOPULLINEN_SVE-404x480.jpg\",\"datePublished\":\"2014-04-11T11:42:16+00:00\",\"dateModified\":\"2015-05-05T19:56:26+00:00\",\"breadcrumb\":{\"@id\":\"https:\/\/www.kirkonulkomaanapu.fi\/sv\/material\/texter\/#breadcrumb\"},\"inLanguage\":\"sv-SE\",\"potentialAction\":[{\"@type\":\"ReadAction\",\"target\":[\"https:\/\/www.kirkonulkomaanapu.fi\/sv\/material\/texter\/\"]}]},{\"@type\":\"ImageObject\",\"inLanguage\":\"sv-SE\",\"@id\":\"https:\/\/www.kirkonulkomaanapu.fi\/sv\/material\/texter\/#primaryimage\",\"url\":\"https:\/\/www.kirkonulkomaanapu.fi\/wp-content\/uploads\/2014\/04\/Rauha-hartaushaineistot-tunnus_LOPULLINEN_SVE-404x480.jpg\",\"contentUrl\":\"https:\/\/www.kirkonulkomaanapu.fi\/wp-content\/uploads\/2014\/04\/Rauha-hartaushaineistot-tunnus_LOPULLINEN_SVE-404x480.jpg\"},{\"@type\":\"BreadcrumbList\",\"@id\":\"https:\/\/www.kirkonulkomaanapu.fi\/sv\/material\/texter\/#breadcrumb\",\"itemListElement\":[{\"@type\":\"ListItem\",\"position\":1,\"name\":\"Home\",\"item\":\"https:\/\/www.kirkonulkomaanapu.fi\/sv\/\"},{\"@type\":\"ListItem\",\"position\":2,\"name\":\"Material\",\"item\":\"https:\/\/www.kirkonulkomaanapu.fi\/sv\/material\/\"},{\"@type\":\"ListItem\",\"position\":3,\"name\":\"Texter\"}]},{\"@type\":\"WebSite\",\"@id\":\"https:\/\/www.kirkonulkomaanapu.fi\/#website\",\"url\":\"https:\/\/www.kirkonulkomaanapu.fi\/\",\"name\":\"Kirkon Ulkomaanapu\",\"description\":\"Suomen suurin kehitysyhteisty\u00f6j\u00e4rjest\u00f6\",\"publisher\":{\"@id\":\"https:\/\/www.kirkonulkomaanapu.fi\/#organization\"},\"alternateName\":\"KUA\",\"potentialAction\":[{\"@type\":\"SearchAction\",\"target\":{\"@type\":\"EntryPoint\",\"urlTemplate\":\"https:\/\/www.kirkonulkomaanapu.fi\/?s={search_term_string}\"},\"query-input\":{\"@type\":\"PropertyValueSpecification\",\"valueRequired\":true,\"valueName\":\"search_term_string\"}}],\"inLanguage\":\"sv-SE\"},{\"@type\":\"Organization\",\"@id\":\"https:\/\/www.kirkonulkomaanapu.fi\/#organization\",\"name\":\"Kirkon Ulkomaanapu\",\"alternateName\":\"KUA\",\"url\":\"https:\/\/www.kirkonulkomaanapu.fi\/\",\"logo\":{\"@type\":\"ImageObject\",\"inLanguage\":\"sv-SE\",\"@id\":\"https:\/\/www.kirkonulkomaanapu.fi\/#\/schema\/logo\/image\/\",\"url\":\"https:\/\/www.kirkonulkomaanapu.fi\/wp-content\/uploads\/2026\/02\/Kirkon-ulkomaanapu-logo-1.png\",\"contentUrl\":\"https:\/\/www.kirkonulkomaanapu.fi\/wp-content\/uploads\/2026\/02\/Kirkon-ulkomaanapu-logo-1.png\",\"width\":225,\"height\":225,\"caption\":\"Kirkon Ulkomaanapu\"},\"image\":{\"@id\":\"https:\/\/www.kirkonulkomaanapu.fi\/#\/schema\/logo\/image\/\"},\"sameAs\":[\"https:\/\/www.facebook.com\/Ulkomaanapu\/\",\"https:\/\/www.youtube.com\/user\/kirkonulkomaanapu\",\"https:\/\/instagram.com\/kirkon_ulkomaanapu\/\",\"https:\/\/www.linkedin.com\/company\/finn-church-aid\/\"]}]}<\/script>\n<!-- \/ Yoast SEO plugin. -->","yoast_head_json":{"title":"Texter - Kyrkans Utlandshj\u00e4lp","robots":{"index":"index","follow":"follow","max-snippet":"max-snippet:-1","max-image-preview":"max-image-preview:large","max-video-preview":"max-video-preview:-1"},"canonical":"https:\/\/www.kirkonulkomaanapu.fi\/sv\/material\/texter\/","og_locale":"sv_SE","og_type":"article","og_title":"Texter - Kyrkans Utlandshj\u00e4lp","og_description":"&nbsp; H\u00e4r finns texter s\u00e5som ber\u00e4ttelser, reseskildringar och andakter som anknyter till Utlandshj\u00e4lpens arbete och teman. De f\u00e5r anv\u00e4ndas fritt men f\u00f6rfattaren eller Kyrkans Utlandshj\u00e4lp skall uppges. ANDAKTER OM FRED 2015 \u00c5r 2015 publicerar vi texter f\u00f6r andaktsbruk ca en g\u00e5ng i m\u00e5naden. Det gemensamma \u00e4mnet f\u00f6r dem \u00e4r fred, som \u00e4r Utlandshj\u00e4lpens huvudtema under [&hellip;]","og_url":"https:\/\/www.kirkonulkomaanapu.fi\/sv\/material\/texter\/","og_site_name":"Kyrkans Utlandshj\u00e4lp","article_publisher":"https:\/\/www.facebook.com\/Ulkomaanapu\/","article_modified_time":"2015-05-05T19:56:26+00:00","og_image":[{"url":"https:\/\/www.kirkonulkomaanapu.fi\/wp-content\/uploads\/2014\/04\/Rauha-hartaushaineistot-tunnus_LOPULLINEN_SVE-404x480.jpg","type":"","width":"","height":""}],"twitter_misc":{"Ber\u00e4knad l\u00e4stid":"2 minuter"},"schema":{"@context":"https:\/\/schema.org","@graph":[{"@type":"WebPage","@id":"https:\/\/www.kirkonulkomaanapu.fi\/sv\/material\/texter\/","url":"https:\/\/www.kirkonulkomaanapu.fi\/sv\/material\/texter\/","name":"Texter - Kyrkans Utlandshj\u00e4lp","isPartOf":{"@id":"https:\/\/www.kirkonulkomaanapu.fi\/#website"},"primaryImageOfPage":{"@id":"https:\/\/www.kirkonulkomaanapu.fi\/sv\/material\/texter\/#primaryimage"},"image":{"@id":"https:\/\/www.kirkonulkomaanapu.fi\/sv\/material\/texter\/#primaryimage"},"thumbnailUrl":"https:\/\/www.kirkonulkomaanapu.fi\/wp-content\/uploads\/2014\/04\/Rauha-hartaushaineistot-tunnus_LOPULLINEN_SVE-404x480.jpg","datePublished":"2014-04-11T11:42:16+00:00","dateModified":"2015-05-05T19:56:26+00:00","breadcrumb":{"@id":"https:\/\/www.kirkonulkomaanapu.fi\/sv\/material\/texter\/#breadcrumb"},"inLanguage":"sv-SE","potentialAction":[{"@type":"ReadAction","target":["https:\/\/www.kirkonulkomaanapu.fi\/sv\/material\/texter\/"]}]},{"@type":"ImageObject","inLanguage":"sv-SE","@id":"https:\/\/www.kirkonulkomaanapu.fi\/sv\/material\/texter\/#primaryimage","url":"https:\/\/www.kirkonulkomaanapu.fi\/wp-content\/uploads\/2014\/04\/Rauha-hartaushaineistot-tunnus_LOPULLINEN_SVE-404x480.jpg","contentUrl":"https:\/\/www.kirkonulkomaanapu.fi\/wp-content\/uploads\/2014\/04\/Rauha-hartaushaineistot-tunnus_LOPULLINEN_SVE-404x480.jpg"},{"@type":"BreadcrumbList","@id":"https:\/\/www.kirkonulkomaanapu.fi\/sv\/material\/texter\/#breadcrumb","itemListElement":[{"@type":"ListItem","position":1,"name":"Home","item":"https:\/\/www.kirkonulkomaanapu.fi\/sv\/"},{"@type":"ListItem","position":2,"name":"Material","item":"https:\/\/www.kirkonulkomaanapu.fi\/sv\/material\/"},{"@type":"ListItem","position":3,"name":"Texter"}]},{"@type":"WebSite","@id":"https:\/\/www.kirkonulkomaanapu.fi\/#website","url":"https:\/\/www.kirkonulkomaanapu.fi\/","name":"Kirkon Ulkomaanapu","description":"Suomen suurin kehitysyhteisty\u00f6j\u00e4rjest\u00f6","publisher":{"@id":"https:\/\/www.kirkonulkomaanapu.fi\/#organization"},"alternateName":"KUA","potentialAction":[{"@type":"SearchAction","target":{"@type":"EntryPoint","urlTemplate":"https:\/\/www.kirkonulkomaanapu.fi\/?s={search_term_string}"},"query-input":{"@type":"PropertyValueSpecification","valueRequired":true,"valueName":"search_term_string"}}],"inLanguage":"sv-SE"},{"@type":"Organization","@id":"https:\/\/www.kirkonulkomaanapu.fi\/#organization","name":"Kirkon Ulkomaanapu","alternateName":"KUA","url":"https:\/\/www.kirkonulkomaanapu.fi\/","logo":{"@type":"ImageObject","inLanguage":"sv-SE","@id":"https:\/\/www.kirkonulkomaanapu.fi\/#\/schema\/logo\/image\/","url":"https:\/\/www.kirkonulkomaanapu.fi\/wp-content\/uploads\/2026\/02\/Kirkon-ulkomaanapu-logo-1.png","contentUrl":"https:\/\/www.kirkonulkomaanapu.fi\/wp-content\/uploads\/2026\/02\/Kirkon-ulkomaanapu-logo-1.png","width":225,"height":225,"caption":"Kirkon Ulkomaanapu"},"image":{"@id":"https:\/\/www.kirkonulkomaanapu.fi\/#\/schema\/logo\/image\/"},"sameAs":["https:\/\/www.facebook.com\/Ulkomaanapu\/","https:\/\/www.youtube.com\/user\/kirkonulkomaanapu","https:\/\/instagram.com\/kirkon_ulkomaanapu\/","https:\/\/www.linkedin.com\/company\/finn-church-aid\/"]}]}},"_links":{"self":[{"href":"https:\/\/www.kirkonulkomaanapu.fi\/sv\/wp-json\/wp\/v2\/pages\/4360","targetHints":{"allow":["GET"]}}],"collection":[{"href":"https:\/\/www.kirkonulkomaanapu.fi\/sv\/wp-json\/wp\/v2\/pages"}],"about":[{"href":"https:\/\/www.kirkonulkomaanapu.fi\/sv\/wp-json\/wp\/v2\/types\/page"}],"author":[{"embeddable":true,"href":"https:\/\/www.kirkonulkomaanapu.fi\/sv\/wp-json\/wp\/v2\/users\/137"}],"replies":[{"embeddable":true,"href":"https:\/\/www.kirkonulkomaanapu.fi\/sv\/wp-json\/wp\/v2\/comments?post=4360"}],"version-history":[{"count":4,"href":"https:\/\/www.kirkonulkomaanapu.fi\/sv\/wp-json\/wp\/v2\/pages\/4360\/revisions"}],"predecessor-version":[{"id":65673,"href":"https:\/\/www.kirkonulkomaanapu.fi\/sv\/wp-json\/wp\/v2\/pages\/4360\/revisions\/65673"}],"up":[{"embeddable":true,"href":"https:\/\/www.kirkonulkomaanapu.fi\/sv\/wp-json\/wp\/v2\/pages\/2991"}],"wp:attachment":[{"href":"https:\/\/www.kirkonulkomaanapu.fi\/sv\/wp-json\/wp\/v2\/media?parent=4360"}],"curies":[{"name":"wp","href":"https:\/\/api.w.org\/{rel}","templated":true}]}}