{"id":141841,"date":"2023-06-20T16:41:03","date_gmt":"2023-06-20T13:41:03","guid":{"rendered":"https:\/\/www.kirkonulkomaanapu.fi\/?page_id=141841"},"modified":"2023-06-20T16:41:04","modified_gmt":"2023-06-20T13:41:04","slug":"hantering-av-begaranden-fran-registrerade","status":"publish","type":"page","link":"https:\/\/www.kirkonulkomaanapu.fi\/sv\/hantering-av-begaranden-fran-registrerade\/","title":{"rendered":"Hantering av beg\u00e4randen fr\u00e5n registrerade"},"content":{"rendered":"\n<h1 class=\"wp-block-heading\">Hantering av beg\u00e4randen fr\u00e5n registrerade<\/h1>\n\n\n\n<p class=\"is-style-ingress\">Din integritet \u00e4r viktig f\u00f6r oss och vi vill att du ska veta hur och varf\u00f6r vi eventuellt samlar in och behandlar dina personuppgifter och framf\u00f6r allt vad du har f\u00f6r r\u00e4ttigheter och hur du ut\u00f6var dem.<\/p>\n\n\n\n<h2 class=\"wp-block-heading\">Viktiga uppgiftsskyddsbegrepp<\/h2>\n\n\n\n<p>\u201dPersonuppgifter\u201d avser inte enbart uppgifter om ditt privatliv, utan omfattar alla uppgifter som g\u00f6r det m\u00f6jligt att identifiera dig direkt eller indirekt.<\/p>\n\n\n\n<p>\u201dBehandling\u201d avser samtliga \u00e5tg\u00e4rder som utf\u00f6rs p\u00e5 personuppgifter, s\u00e5som insamling, inspelning, organisering, strukturering, lagring, bearbetning eller \u00e4ndring, h\u00e4mtning, tillg\u00e5ng, anv\u00e4ndning, \u00f6verf\u00f6ring, kombinering, begr\u00e4nsning, radering eller f\u00f6rst\u00f6relse.<\/p>\n\n\n\n<p>\u201dPersonuppgiftsansvarig\u201d avser den fysiska eller juridiska person som fastst\u00e4ller syftet med och metoderna f\u00f6r behandling av personuppgifter.<\/p>\n\n\n\n<p>&nbsp;\u201dPersonuppgiftsbitr\u00e4de\u201d avser den fysiska eller juridiska person som behandlar personuppgifter f\u00f6r den personuppgiftsansvariges r\u00e4kning.<\/p>\n\n\n\n<p>\u201dSyfte\u201d avser den anledning\/de anledningar som den personuppgiftsansvarige beh\u00f6ver f\u00f6r att samla in och behandla personuppgifter. KUH SAC och\/eller KUH-enheter (gemensamt kallade \u201dKUH\u201d) samlar in och behandlar dina personuppgifter som personuppgiftsansvarig eller som personuppgiftsbitr\u00e4de f\u00f6r den personuppgiftsansvariges r\u00e4kning. Du kan alltid kontakta KUH enligt f\u00f6rfarandet nedan f\u00f6r att ut\u00f6va dina dataskyddsr\u00e4ttigheter.<\/p>\n\n\n\n<h2 class=\"wp-block-heading\">Vilka \u00e4r dina r\u00e4ttigheter?<\/h2>\n\n\n\n<p>Som registrerad kan du beg\u00e4ra att ut\u00f6va f\u00f6ljande r\u00e4ttigheter avseende dina personuppgifter som KUH samlar in och behandlar:<\/p>\n\n\n\n<h3 class=\"wp-block-heading\">Tillg\u00e5ng till dina personuppgifter<\/h3>\n\n\n\n<p>Du kan be KUH att bekr\u00e4fta om de behandlar dina personuppgifter och kan, om s\u00e5 \u00e4r fallet, beg\u00e4ra tillg\u00e5ng till dina personuppgifter.<\/p>\n\n\n\n<h3 class=\"wp-block-heading\">Beg\u00e4ra att dina personuppgifter raderas<\/h3>\n\n\n\n<p>Du kan i en del fall beg\u00e4ra att KUH raderar dina personuppgifter.<\/p>\n\n\n\n<h3 class=\"wp-block-heading\">Beg\u00e4ra att dina personuppgifter r\u00e4ttas<\/h3>\n\n\n\n<p>Du kan be KUH att r\u00e4tta felaktiga uppgifter om dig. Det inneb\u00e4r att du ocks\u00e5 kan beg\u00e4ra att KUH uppdaterar eller kompletterar dina personuppgifter.<\/p>\n\n\n\n<h3 class=\"wp-block-heading\">Inv\u00e4nda mot att dina personuppgifter behandlas<\/h3>\n\n\n\n<p>Du har i en del fall r\u00e4tt att be att KUH inte behandlar dina personuppgifter.<\/p>\n\n\n\n<h3 class=\"wp-block-heading\">Beg\u00e4ra begr\u00e4nsning av behandlingen av dina personuppgifter<\/h3>\n\n\n\n<p>Du kan i en del fall be att KUH begr\u00e4nsar behandlingen av dina personuppgifter f\u00f6r en del \u00e4ndam\u00e5l och under best\u00e4mda villkor.<\/p>\n\n\n\n<h3 class=\"wp-block-heading\">\u00c5terkalla ditt samtycke till att dina personuppgifter behandlas<\/h3>\n\n\n\n<p>Du kan \u00e5terkalla ditt samtycke till att dina personuppgifter behandlas \u00e4ven om du till en b\u00f6rjan gett KUH ditt samtycke att behandla dina personuppgifter.<\/p>\n\n\n\n<h3 class=\"wp-block-heading\">R\u00e4tt till dataportabilitet<\/h3>\n\n\n\n<p>Du kan i en del fall be KUH att ge dig dina personuppgifter i ett strukturerat, allm\u00e4nt anv\u00e4nt och maskinl\u00e4sbart format, och\/eller att \u00f6verf\u00f6ra dessa uppgifter till en annan personuppgiftsansvarig.<\/p>\n\n\n\n<h3 class=\"wp-block-heading\">L\u00e4mna in klagom\u00e5l<\/h3>\n\n\n\n<p>Du kan ocks\u00e5 l\u00e4mna in ett klagom\u00e5l om du anser att KUH bryter mot till\u00e4mpliga dataskyddsf\u00f6rordningar.<\/p>\n\n\n\n<p>Observera att dessa r\u00e4ttigheter kan vara begr\u00e4nsade i en del situationer enligt till\u00e4mplig lag. Om till exempel uppfyllandet av din beg\u00e4ran om tillg\u00e5ng till dina personuppgifter skulle avsl\u00f6ja personuppgifter om en annan person, eller om du ber KUH att radera dina personuppgifter medan lagen kr\u00e4ver att de ska beh\u00e5llas.<\/p>\n\n\n\n<h3 class=\"wp-block-heading\">\u00a0Hur kan du ut\u00f6va dina r\u00e4ttigheter?<\/h3>\n\n\n\n<p>F\u00f6r att ut\u00f6va dina r\u00e4ttigheter eller om du har fr\u00e5gor eller funderingar om v\u00e5r dataskyddspolicy ber vid dig att kontakta oss:<\/p>\n\n\n\n<ul class=\"wp-block-list\">\n<li>Genom att mejla oss p\u00e5 dataprotection@kirkonulkomaanapu.fi<\/li>\n\n\n\n<li>Genom att skriva till oss p\u00e5 ett av v\u00e5ra kontor. Adresserna hittar du h\u00e4r: <a href=\"https:\/\/www.kirkonulkomaanapu.fi\/sv\/kontakt\/\">https:\/\/www.kirkonulkomaanapu.fi\/sv\/kontakt\/<\/a><\/li>\n\n\n\n<li>Genom att ringa KUH:s kontor i ditt land.<\/li>\n<\/ul>\n\n\n\n<p>F\u00f6r att vi ska kunna ta upp din beg\u00e4ran ber vi dig l\u00e4mna f\u00f6ljande information \u2013 KUH kommer alltid att behandla din beg\u00e4ran, och detta \u00e4r inte avh\u00e4ngigt av hur du v\u00e4ljer att kontakta oss:<\/p>\n\n\n\n<ul class=\"wp-block-list\">\n<li>Ditt fullst\u00e4ndiga namn*<\/li>\n\n\n\n<li>Din status (anst\u00e4lld, s\u00f6kande osv.)<\/li>\n\n\n\n<li>Din e-postadress eller n\u00e5gon annan kommunikationsmetod som du f\u00f6redrar*<\/li>\n\n\n\n<li>Verifiering av din identitet: du kan bli ombedd att visa upp en l\u00e4mplig identifikationshandling<\/li>\n\n\n\n<li>Land\/region<\/li>\n\n\n\n<li>Vad din beg\u00e4ran g\u00e4ller*<\/li>\n<\/ul>\n\n\n\n<p>*Utan denna information kan KUH inte ta upp din beg\u00e4ran.<\/p>\n\n\n\n<h2 class=\"wp-block-heading\">Hur behandlar KUH din beg\u00e4ran?<\/h2>\n\n\n\n<p>Din beg\u00e4ran \u00f6verl\u00e4mnas till beh\u00f6rig person beroende p\u00e5 vilken KUH-enhet du st\u00e4ller beg\u00e4ran till. D\u00e4refter f\u00e5r du ett mejl som bekr\u00e4ftar att de har tagit emot din beg\u00e4ran. KUH str\u00e4var efter att ta upp din beg\u00e4ran utan dr\u00f6jsm\u00e5l och senast en m\u00e5nad efter att de har bekr\u00e4ftat mottagningen av din beg\u00e4ran. Om din beg\u00e4ran \u00e4r s\u00e4rskilt komplicerad eller om du har skickat flera beg\u00e4randen kan denna period f\u00f6rl\u00e4ngas med ytterligare tv\u00e5 m\u00e5nader. I s\u00e5dana fall informerar vi dig inom en m\u00e5nad efter att vi har tagit emot din beg\u00e4ran.<\/p>\n\n\n\n<p>Om du v\u00e4ljer att skicka in din beg\u00e4ran elektroniskt, och s\u00e5vida du inte beg\u00e4r n\u00e5got annat, l\u00e4mnar KUH ut informationen till dig i ett allm\u00e4nt anv\u00e4nt elektroniskt format. Vi rekommenderar starkt att du f\u00f6ljer detta f\u00f6rfarande f\u00f6r att l\u00e4mna in din beg\u00e4ran, men observera att du \u00e4ven kan l\u00e4mna in ett klagom\u00e5l till en tillsynsmyndighet och\/eller pr\u00f6va fr\u00e5gan i domstol.<\/p>\n\n\n\n<h2 class=\"wp-block-heading\">Hur tar KUH upp din beg\u00e4ran?<\/h2>\n\n\n\n<p>N\u00e4r KUH har behandlat din beg\u00e4ran internt kommer du att informeras \u2013 genom den kommunikationsmetod som du har angivit \u2013 och f\u00e5 den information som din beg\u00e4ran g\u00e4ller. Se nedan hur KUH tar upp de vanligaste beg\u00e4randen fr\u00e5n registrerade:<\/p>\n\n\n\n<h3 class=\"wp-block-heading\">Tillg\u00e5ng till dina personuppgifter<\/h3>\n\n\n\n<p>KUH kommer f\u00f6rst att bekr\u00e4fta om de behandlar dina personuppgifter. Om de g\u00f6r det kommer du att f\u00e5 en kopia av dina personuppgifter och all relevant information om behandlingen.<\/p>\n\n\n\n<h3 class=\"wp-block-heading\">Beg\u00e4ra att dina personuppgifter raderas<\/h3>\n\n\n\n<p>Om beg\u00e4ran \u00e4r ber\u00e4ttigad kommer den anst\u00e4llda vid KUH som behandlar din beg\u00e4ran att instruera relevanta parter att radera dina personuppgifter.<\/p>\n\n\n\n<h3 class=\"wp-block-heading\">Beg\u00e4ra att dina personuppgifter r\u00e4ttas<\/h3>\n\n\n\n<p>Den anst\u00e4llda vid KUH som behandlar din beg\u00e4ran kommer att instruera relevanta parter att r\u00e4tta dina personuppgifter och du kommer att f\u00e5 en bekr\u00e4ftelse p\u00e5 att dina personuppgifter har r\u00e4ttats eller uppdaterats. Observera att personuppgiftsombudet vid mottagningen av din beg\u00e4ran kommer att g\u00f6ra en f\u00f6rsta bed\u00f6mning f\u00f6r att fastst\u00e4lla om:<\/p>\n\n\n\n<ul class=\"wp-block-list\">\n<li>KUH beh\u00f6ver ytterligare information f\u00f6r att behandla din beg\u00e4ran; eller<\/li>\n\n\n\n<li>din beg\u00e4ran inte kan behandlas. I s\u00e5dana fall f\u00e5r du en f\u00f6rklaring till beslutet.<\/li>\n<\/ul>\n\n\n\n<h2 class=\"wp-block-heading\">D\u00e5 KUH \u00e4r personuppgiftsbitr\u00e4de<\/h2>\n\n\n\n<p>D\u00e5 KUH behandlar personuppgifter f\u00f6r en personuppgiftsansvarigs r\u00e4kning rekommenderar KUH starkt att du skickar din beg\u00e4ran direkt till den personuppgiftsansvarige. Om KUH tar emot en beg\u00e4ran direkt kommer de att informera den personuppgiftsansvarige utan dr\u00f6jsm\u00e5l enligt villkoren som KUH och den personuppgiftsansvarige kommit \u00f6verens om. Om KUH instrueras av den personuppgiftsansvarige att behandla din beg\u00e4ran direkt, kommer KUH att f\u00f6lja ovan n\u00e4mnda f\u00f6rfarande i n\u00e4ra samordning med den personuppgiftsansvarige.<\/p>\n","protected":false},"excerpt":{"rendered":"<p>Hantering av beg\u00e4randen fr\u00e5n registrerade Din integritet \u00e4r viktig f\u00f6r oss och vi vill att du ska veta hur och varf\u00f6r vi eventuellt samlar in och behandlar dina personuppgifter och framf\u00f6r allt vad du har f\u00f6r r\u00e4ttigheter och hur du ut\u00f6var dem. Viktiga uppgiftsskyddsbegrepp \u201dPersonuppgifter\u201d avser inte enbart uppgifter om ditt privatliv, utan omfattar alla [&hellip;]<\/p>\n","protected":false},"author":137,"featured_media":0,"parent":0,"menu_order":0,"comment_status":"closed","ping_status":"closed","template":"","meta":{"_acf_changed":false,"_relevanssi_hide_post":"","_relevanssi_hide_content":"","_relevanssi_pin_for_all":"","_relevanssi_pin_keywords":"","_relevanssi_unpin_keywords":"","_relevanssi_related_keywords":"","_relevanssi_related_include_ids":"","_relevanssi_related_exclude_ids":"","_relevanssi_related_no_append":"","_relevanssi_related_not_related":"","_relevanssi_related_posts":"132218,89500,121424,121649,121614,63644","_relevanssi_noindex_reason":"","_improvement_type_select":"improve_an_existing","_thumb_yes_seoaic":false,"_frame_yes_seoaic":false,"seoaic_generate_description":"","seoaic_improve_instructions_prompt":"","seoaic_rollback_content_improvement":"","seoaic_idea_thumbnail_generator":"","thumbnail_generated":false,"thumbnail_generate_prompt":"","seoaic_article_description":"","footnotes":""},"class_list":["post-141841","page","type-page","status-publish","hentry"],"acf":[],"yoast_head":"<!-- This site is optimized with the Yoast SEO plugin v26.9 - https:\/\/yoast.com\/product\/yoast-seo-wordpress\/ -->\n<title>Hantering av beg\u00e4randen fr\u00e5n registrerade - Kyrkans Utlandshj\u00e4lp<\/title>\n<meta name=\"description\" content=\"Din integritet \u00e4r viktig f\u00f6r oss och vi vill att du ska veta hur och varf\u00f6r vi eventuellt samlar in och behandlar dina personuppgifter och framf\u00f6r allt vad du har f\u00f6r r\u00e4ttigheter och hur du ut\u00f6var dem.\" \/>\n<meta name=\"robots\" content=\"index, follow, max-snippet:-1, max-image-preview:large, max-video-preview:-1\" \/>\n<link rel=\"canonical\" href=\"https:\/\/www.kirkonulkomaanapu.fi\/sv\/hantering-av-begaranden-fran-registrerade\/\" \/>\n<meta property=\"og:locale\" content=\"sv_SE\" \/>\n<meta property=\"og:type\" content=\"article\" \/>\n<meta property=\"og:title\" content=\"Hantering av beg\u00e4randen fr\u00e5n registrerade - Kyrkans Utlandshj\u00e4lp\" \/>\n<meta property=\"og:description\" content=\"Din integritet \u00e4r viktig f\u00f6r oss och vi vill att du ska veta hur och varf\u00f6r vi eventuellt samlar in och behandlar dina personuppgifter och framf\u00f6r allt vad du har f\u00f6r r\u00e4ttigheter och hur du ut\u00f6var dem.\" \/>\n<meta property=\"og:url\" content=\"https:\/\/www.kirkonulkomaanapu.fi\/sv\/hantering-av-begaranden-fran-registrerade\/\" \/>\n<meta property=\"og:site_name\" content=\"Kyrkans Utlandshj\u00e4lp\" \/>\n<meta property=\"article:publisher\" content=\"https:\/\/www.facebook.com\/Ulkomaanapu\/\" \/>\n<meta property=\"article:modified_time\" content=\"2023-06-20T13:41:04+00:00\" \/>\n<meta property=\"og:image\" content=\"https:\/\/www.kirkonulkomaanapu.fi\/wp-content\/uploads\/2026\/02\/Kirkon-ulkomaanapu-logo.png\" \/>\n\t<meta property=\"og:image:width\" content=\"225\" \/>\n\t<meta property=\"og:image:height\" content=\"225\" \/>\n\t<meta property=\"og:image:type\" content=\"image\/png\" \/>\n<meta name=\"twitter:label1\" content=\"Ber\u00e4knad l\u00e4stid\" \/>\n\t<meta name=\"twitter:data1\" content=\"5 minuter\" \/>\n<script type=\"application\/ld+json\" class=\"yoast-schema-graph\">{\"@context\":\"https:\/\/schema.org\",\"@graph\":[{\"@type\":\"WebPage\",\"@id\":\"https:\/\/www.kirkonulkomaanapu.fi\/sv\/hantering-av-begaranden-fran-registrerade\/\",\"url\":\"https:\/\/www.kirkonulkomaanapu.fi\/sv\/hantering-av-begaranden-fran-registrerade\/\",\"name\":\"Hantering av beg\u00e4randen fr\u00e5n registrerade - Kyrkans Utlandshj\u00e4lp\",\"isPartOf\":{\"@id\":\"https:\/\/www.kirkonulkomaanapu.fi\/#website\"},\"datePublished\":\"2023-06-20T13:41:03+00:00\",\"dateModified\":\"2023-06-20T13:41:04+00:00\",\"description\":\"Din integritet \u00e4r viktig f\u00f6r oss och vi vill att du ska veta hur och varf\u00f6r vi eventuellt samlar in och behandlar dina personuppgifter och framf\u00f6r allt vad du har f\u00f6r r\u00e4ttigheter och hur du ut\u00f6var dem.\",\"breadcrumb\":{\"@id\":\"https:\/\/www.kirkonulkomaanapu.fi\/sv\/hantering-av-begaranden-fran-registrerade\/#breadcrumb\"},\"inLanguage\":\"sv-SE\",\"potentialAction\":[{\"@type\":\"ReadAction\",\"target\":[\"https:\/\/www.kirkonulkomaanapu.fi\/sv\/hantering-av-begaranden-fran-registrerade\/\"]}]},{\"@type\":\"BreadcrumbList\",\"@id\":\"https:\/\/www.kirkonulkomaanapu.fi\/sv\/hantering-av-begaranden-fran-registrerade\/#breadcrumb\",\"itemListElement\":[{\"@type\":\"ListItem\",\"position\":1,\"name\":\"Home\",\"item\":\"https:\/\/www.kirkonulkomaanapu.fi\/sv\/\"},{\"@type\":\"ListItem\",\"position\":2,\"name\":\"Hantering av beg\u00e4randen fr\u00e5n registrerade\"}]},{\"@type\":\"WebSite\",\"@id\":\"https:\/\/www.kirkonulkomaanapu.fi\/#website\",\"url\":\"https:\/\/www.kirkonulkomaanapu.fi\/\",\"name\":\"Kirkon Ulkomaanapu\",\"description\":\"Suomen suurin kehitysyhteisty\u00f6j\u00e4rjest\u00f6\",\"publisher\":{\"@id\":\"https:\/\/www.kirkonulkomaanapu.fi\/#organization\"},\"alternateName\":\"KUA\",\"potentialAction\":[{\"@type\":\"SearchAction\",\"target\":{\"@type\":\"EntryPoint\",\"urlTemplate\":\"https:\/\/www.kirkonulkomaanapu.fi\/?s={search_term_string}\"},\"query-input\":{\"@type\":\"PropertyValueSpecification\",\"valueRequired\":true,\"valueName\":\"search_term_string\"}}],\"inLanguage\":\"sv-SE\"},{\"@type\":\"Organization\",\"@id\":\"https:\/\/www.kirkonulkomaanapu.fi\/#organization\",\"name\":\"Kirkon Ulkomaanapu\",\"alternateName\":\"KUA\",\"url\":\"https:\/\/www.kirkonulkomaanapu.fi\/\",\"logo\":{\"@type\":\"ImageObject\",\"inLanguage\":\"sv-SE\",\"@id\":\"https:\/\/www.kirkonulkomaanapu.fi\/#\/schema\/logo\/image\/\",\"url\":\"https:\/\/www.kirkonulkomaanapu.fi\/wp-content\/uploads\/2026\/02\/Kirkon-ulkomaanapu-logo-1.png\",\"contentUrl\":\"https:\/\/www.kirkonulkomaanapu.fi\/wp-content\/uploads\/2026\/02\/Kirkon-ulkomaanapu-logo-1.png\",\"width\":225,\"height\":225,\"caption\":\"Kirkon Ulkomaanapu\"},\"image\":{\"@id\":\"https:\/\/www.kirkonulkomaanapu.fi\/#\/schema\/logo\/image\/\"},\"sameAs\":[\"https:\/\/www.facebook.com\/Ulkomaanapu\/\",\"https:\/\/www.youtube.com\/user\/kirkonulkomaanapu\",\"https:\/\/instagram.com\/kirkon_ulkomaanapu\/\",\"https:\/\/www.linkedin.com\/company\/finn-church-aid\/\"]}]}<\/script>\n<!-- \/ Yoast SEO plugin. -->","yoast_head_json":{"title":"Hantering av beg\u00e4randen fr\u00e5n registrerade - Kyrkans Utlandshj\u00e4lp","description":"Din integritet \u00e4r viktig f\u00f6r oss och vi vill att du ska veta hur och varf\u00f6r vi eventuellt samlar in och behandlar dina personuppgifter och framf\u00f6r allt vad du har f\u00f6r r\u00e4ttigheter och hur du ut\u00f6var dem.","robots":{"index":"index","follow":"follow","max-snippet":"max-snippet:-1","max-image-preview":"max-image-preview:large","max-video-preview":"max-video-preview:-1"},"canonical":"https:\/\/www.kirkonulkomaanapu.fi\/sv\/hantering-av-begaranden-fran-registrerade\/","og_locale":"sv_SE","og_type":"article","og_title":"Hantering av beg\u00e4randen fr\u00e5n registrerade - Kyrkans Utlandshj\u00e4lp","og_description":"Din integritet \u00e4r viktig f\u00f6r oss och vi vill att du ska veta hur och varf\u00f6r vi eventuellt samlar in och behandlar dina personuppgifter och framf\u00f6r allt vad du har f\u00f6r r\u00e4ttigheter och hur du ut\u00f6var dem.","og_url":"https:\/\/www.kirkonulkomaanapu.fi\/sv\/hantering-av-begaranden-fran-registrerade\/","og_site_name":"Kyrkans Utlandshj\u00e4lp","article_publisher":"https:\/\/www.facebook.com\/Ulkomaanapu\/","article_modified_time":"2023-06-20T13:41:04+00:00","og_image":[{"width":225,"height":225,"url":"https:\/\/www.kirkonulkomaanapu.fi\/wp-content\/uploads\/2026\/02\/Kirkon-ulkomaanapu-logo.png","type":"image\/png"}],"twitter_misc":{"Ber\u00e4knad l\u00e4stid":"5 minuter"},"schema":{"@context":"https:\/\/schema.org","@graph":[{"@type":"WebPage","@id":"https:\/\/www.kirkonulkomaanapu.fi\/sv\/hantering-av-begaranden-fran-registrerade\/","url":"https:\/\/www.kirkonulkomaanapu.fi\/sv\/hantering-av-begaranden-fran-registrerade\/","name":"Hantering av beg\u00e4randen fr\u00e5n registrerade - Kyrkans Utlandshj\u00e4lp","isPartOf":{"@id":"https:\/\/www.kirkonulkomaanapu.fi\/#website"},"datePublished":"2023-06-20T13:41:03+00:00","dateModified":"2023-06-20T13:41:04+00:00","description":"Din integritet \u00e4r viktig f\u00f6r oss och vi vill att du ska veta hur och varf\u00f6r vi eventuellt samlar in och behandlar dina personuppgifter och framf\u00f6r allt vad du har f\u00f6r r\u00e4ttigheter och hur du ut\u00f6var dem.","breadcrumb":{"@id":"https:\/\/www.kirkonulkomaanapu.fi\/sv\/hantering-av-begaranden-fran-registrerade\/#breadcrumb"},"inLanguage":"sv-SE","potentialAction":[{"@type":"ReadAction","target":["https:\/\/www.kirkonulkomaanapu.fi\/sv\/hantering-av-begaranden-fran-registrerade\/"]}]},{"@type":"BreadcrumbList","@id":"https:\/\/www.kirkonulkomaanapu.fi\/sv\/hantering-av-begaranden-fran-registrerade\/#breadcrumb","itemListElement":[{"@type":"ListItem","position":1,"name":"Home","item":"https:\/\/www.kirkonulkomaanapu.fi\/sv\/"},{"@type":"ListItem","position":2,"name":"Hantering av beg\u00e4randen fr\u00e5n registrerade"}]},{"@type":"WebSite","@id":"https:\/\/www.kirkonulkomaanapu.fi\/#website","url":"https:\/\/www.kirkonulkomaanapu.fi\/","name":"Kirkon Ulkomaanapu","description":"Suomen suurin kehitysyhteisty\u00f6j\u00e4rjest\u00f6","publisher":{"@id":"https:\/\/www.kirkonulkomaanapu.fi\/#organization"},"alternateName":"KUA","potentialAction":[{"@type":"SearchAction","target":{"@type":"EntryPoint","urlTemplate":"https:\/\/www.kirkonulkomaanapu.fi\/?s={search_term_string}"},"query-input":{"@type":"PropertyValueSpecification","valueRequired":true,"valueName":"search_term_string"}}],"inLanguage":"sv-SE"},{"@type":"Organization","@id":"https:\/\/www.kirkonulkomaanapu.fi\/#organization","name":"Kirkon Ulkomaanapu","alternateName":"KUA","url":"https:\/\/www.kirkonulkomaanapu.fi\/","logo":{"@type":"ImageObject","inLanguage":"sv-SE","@id":"https:\/\/www.kirkonulkomaanapu.fi\/#\/schema\/logo\/image\/","url":"https:\/\/www.kirkonulkomaanapu.fi\/wp-content\/uploads\/2026\/02\/Kirkon-ulkomaanapu-logo-1.png","contentUrl":"https:\/\/www.kirkonulkomaanapu.fi\/wp-content\/uploads\/2026\/02\/Kirkon-ulkomaanapu-logo-1.png","width":225,"height":225,"caption":"Kirkon Ulkomaanapu"},"image":{"@id":"https:\/\/www.kirkonulkomaanapu.fi\/#\/schema\/logo\/image\/"},"sameAs":["https:\/\/www.facebook.com\/Ulkomaanapu\/","https:\/\/www.youtube.com\/user\/kirkonulkomaanapu","https:\/\/instagram.com\/kirkon_ulkomaanapu\/","https:\/\/www.linkedin.com\/company\/finn-church-aid\/"]}]}},"_links":{"self":[{"href":"https:\/\/www.kirkonulkomaanapu.fi\/sv\/wp-json\/wp\/v2\/pages\/141841","targetHints":{"allow":["GET"]}}],"collection":[{"href":"https:\/\/www.kirkonulkomaanapu.fi\/sv\/wp-json\/wp\/v2\/pages"}],"about":[{"href":"https:\/\/www.kirkonulkomaanapu.fi\/sv\/wp-json\/wp\/v2\/types\/page"}],"author":[{"embeddable":true,"href":"https:\/\/www.kirkonulkomaanapu.fi\/sv\/wp-json\/wp\/v2\/users\/137"}],"replies":[{"embeddable":true,"href":"https:\/\/www.kirkonulkomaanapu.fi\/sv\/wp-json\/wp\/v2\/comments?post=141841"}],"version-history":[{"count":2,"href":"https:\/\/www.kirkonulkomaanapu.fi\/sv\/wp-json\/wp\/v2\/pages\/141841\/revisions"}],"predecessor-version":[{"id":141843,"href":"https:\/\/www.kirkonulkomaanapu.fi\/sv\/wp-json\/wp\/v2\/pages\/141841\/revisions\/141843"}],"wp:attachment":[{"href":"https:\/\/www.kirkonulkomaanapu.fi\/sv\/wp-json\/wp\/v2\/media?parent=141841"}],"curies":[{"name":"wp","href":"https:\/\/api.w.org\/{rel}","templated":true}]}}