{"version":"1.0","provider_name":"Kyrkans Utlandshj\u00e4lp","provider_url":"https:\/\/www.kirkonulkomaanapu.fi\/sv\/","title":"Organisationernas st\u00e4llningstagande: Den omfattande sv\u00e4ltd\u00f6den i Gaza kan avv\u00e4rjas, om m\u00f6jlighet till det ges - Kyrkans Utlandshj\u00e4lp","type":"rich","width":600,"height":338,"html":"<blockquote class=\"wp-embedded-content\" data-secret=\"FCvRE8WAek\"><a href=\"https:\/\/www.kirkonulkomaanapu.fi\/sv\/aktuellt\/nyheter\/den-omfattande-svaltdoden-i-gaza-kan-avvarjas\/\">Organisationernas st\u00e4llningstagande: Den omfattande sv\u00e4ltd\u00f6den i Gaza kan avv\u00e4rjas, om m\u00f6jlighet till det ges<\/a><\/blockquote><iframe sandbox=\"allow-scripts\" security=\"restricted\" src=\"https:\/\/www.kirkonulkomaanapu.fi\/sv\/aktuellt\/nyheter\/den-omfattande-svaltdoden-i-gaza-kan-avvarjas\/embed\/#?secret=FCvRE8WAek\" width=\"600\" height=\"338\" title=\"\u201dOrganisationernas st\u00e4llningstagande: Den omfattande sv\u00e4ltd\u00f6den i Gaza kan avv\u00e4rjas, om m\u00f6jlighet till det ges\u201d &ndash; Kyrkans Utlandshj\u00e4lp\" data-secret=\"FCvRE8WAek\" frameborder=\"0\" marginwidth=\"0\" marginheight=\"0\" scrolling=\"no\" class=\"wp-embedded-content\"><\/iframe><script type=\"text\/javascript\">\n\/* <![CDATA[ *\/\n\/*! This file is auto-generated *\/\n!function(d,l){\"use strict\";l.querySelector&&d.addEventListener&&\"undefined\"!=typeof URL&&(d.wp=d.wp||{},d.wp.receiveEmbedMessage||(d.wp.receiveEmbedMessage=function(e){var t=e.data;if((t||t.secret||t.message||t.value)&&!\/[^a-zA-Z0-9]\/.test(t.secret)){for(var s,r,n,a=l.querySelectorAll('iframe[data-secret=\"'+t.secret+'\"]'),o=l.querySelectorAll('blockquote[data-secret=\"'+t.secret+'\"]'),c=new RegExp(\"^https?:$\",\"i\"),i=0;i<o.length;i++)o[i].style.display=\"none\";for(i=0;i<a.length;i++)s=a[i],e.source===s.contentWindow&&(s.removeAttribute(\"style\"),\"height\"===t.message?(1e3<(r=parseInt(t.value,10))?r=1e3:~~r<200&&(r=200),s.height=r):\"link\"===t.message&&(r=new URL(s.getAttribute(\"src\")),n=new URL(t.value),c.test(n.protocol))&&n.host===r.host&&l.activeElement===s&&(d.top.location.href=t.value))}},d.addEventListener(\"message\",d.wp.receiveEmbedMessage,!1),l.addEventListener(\"DOMContentLoaded\",function(){for(var e,t,s=l.querySelectorAll(\"iframe.wp-embedded-content\"),r=0;r<s.length;r++)(t=(e=s[r]).getAttribute(\"data-secret\"))||(t=Math.random().toString(36).substring(2,12),e.src+=\"#?secret=\"+t,e.setAttribute(\"data-secret\",t)),e.contentWindow.postMessage({message:\"ready\",secret:t},\"*\")},!1)))}(window,document);\n\/\/# sourceURL=https:\/\/www.kirkonulkomaanapu.fi\/wp-includes\/js\/wp-embed.min.js\n\/* ]]> *\/\n<\/script>\n","thumbnail_url":"https:\/\/www.kirkonulkomaanapu.fi\/wp-content\/uploads\/2025\/07\/CH11031424_Children-walk-down-the-destroyed-streets-of-Khan-Younis-the-Gaza-Strip-1024x683.jpg","thumbnail_width":1024,"thumbnail_height":683,"description":"N\u00f6den i Gaza har tilltagit till aldrig tidigare sk\u00e5dade m\u00e5tt. Trygga omr\u00e5den och m\u00f6jligheterna att f\u00e5 mat och annan livsviktig hj\u00e4lp har minskat och \u00e4r n\u00e4stan obefintliga, eftersom m\u00e4ngden humanit\u00e4r hj\u00e4lp som till\u00e5ts p\u00e5 omr\u00e5det \u00e4r fullst\u00e4ndigt otillr\u00e4ckligt och f\u00f6rh\u00e5llandena f\u00f6r bist\u00e5ndsarbete inte \u00e4r s\u00e4kra."}