{"id":144439,"date":"2023-11-28T14:29:47","date_gmt":"2023-11-28T12:29:47","guid":{"rendered":"https:\/\/www.kirkonulkomaanapu.fi\/?page_id=144439"},"modified":"2025-02-20T13:25:16","modified_gmt":"2025-02-20T11:25:16","slug":"tvet-report","status":"publish","type":"page","link":"https:\/\/www.kirkonulkomaanapu.fi\/en\/tvet-report\/","title":{"rendered":"Boosting refugees&#8217; self-reliance through TVET"},"content":{"rendered":"\n\n\n<div class=\"block-hero full-width id-block\" style=\"background-image: url('https:\/\/www.kirkonulkomaanapu.fi\/wp-content\/uploads\/2023\/11\/160404_IGIZ_PHT13_HERO.jpg');\">\n\n\t<div class=\"bg-mobile\" style=\"background-image: url('https:\/\/www.kirkonulkomaanapu.fi\/wp-content\/uploads\/2023\/11\/160404_IGIZ_PHT13_HERO-1024x469.jpg');\"><\/div>\n\n\t\t<video class=\"hero-video-embed\" src=\"https:\/\/www.kirkonulkomaanapu.fi\/wp-content\/uploads\/2023\/11\/C0005_1.mp4\" muted playsinline loop autoplay poster=\"https:\/\/www.kirkonulkomaanapu.fi\/wp-content\/uploads\/2023\/11\/160404_IGIZ_PHT13_HERO.jpg\"><\/video>\n\t\n\t<div class=\"curtain\"><\/div>\n\n\t<div class=\"container\">\n\t\t<div class=\"row\">\n\t\t\t<div class=\"col\">\n\t\t\t\t<div class=\"inner-blocks entry-content\">\n\t\t\t\t\t\t\t\t\t\t\t\n<h1 class=\"is-style-brush\" ><span class=\"bg\">\nBOOSTING REFUGEES&#8217; <\/span><br><span class=\"bg\">SELF-RELIANCE THROUGH <\/span><br><span class=\"bg\"><span class=\"is-highlighted\">TECHNICAL AND VOCATIONAL TRAINING<\/span>\n<\/span><\/h1><h1 class=\"is-style-brush mobile\" ><span class=\"bg\">BOOSTING<\/span><span class=\"bg\">REFUGEES&#8217;<\/span><span class=\"bg\">SELF-RELIANCE<\/span><span class=\"bg\">THROUGH<\/span><span class=\"is-highlighted\"><span class=\"bg\">TECHNICAL<\/span><span class=\"bg\">AND<\/span><span class=\"bg\">VOCATIONAL<\/span><span class=\"bg\">TRAINING<\/span><\/span><\/h1>\n\n\t\t\t\t\t\t\t\t\t<\/div>\n\t\t\t<\/div>\n\t\t<\/div>\n\t<\/div>\n<\/div>\n\n\n\n\n\n\n\n\n<p class=\"is-style-ingress\">FCA and its <a href=\"#partners\">partners<\/a> are jointly committing to collaboration as an informal steering committee dedicated to expanding refugee inclusion in technical and vocational education and training (TVET). <\/p>\n\n\n\n<p class=\"is-style-ingress\">They have produced a <a href=\"#report\">new evidence-based report<\/a> on the economic impact of TVET for 2023, in the spirit of the Global Compact on Refugees and aligned to the <a href=\"https:\/\/www.unhcr.org\/sites\/default\/files\/legacy-pdf\/605a0fb3b.pdf\">15by30 roadmap<\/a> on refugee higher education and self-reliance.<\/p>\n\n\n\n<h2 class=\"wp-block-heading\"><strong>Global Refugee Forum 2023 and Global Compact on Refugees<\/strong><\/h2>\n\n\n\n<p>There are around <a href=\"https:\/\/www.unhcr.org\/refugee-statistics\/\" target=\"_blank\" rel=\"noreferrer noopener\">110 million<\/a> forcibly displaced people in the world. Especially for the 48 million that have left their home country, the reality is a limbo between traumatic past and uncertain future. Too often temporary solutions and relief become protracted situations of displacement that are characterised by lack of security, dignity and opportunity. The<a href=\"https:\/\/www.unhcr.org\/about-unhcr\/who-we-are\/global-compact-refugees\" target=\"_blank\" rel=\"noreferrer noopener\"> Global Compact on Refugees<\/a>, adopted by the UNGA in December 2018 is essentially an international commitment to ensure better and durable solutions are found to the global crisis of international forced displacement.<\/p>\n\n\n\n<p>The Compact stresses multistakeholder approaches to pursue durable solutions. Cooperation among governments, intergovernmental organisations, international and local civil society, private sector and academia can deliver sustainable durable solutions. The Compact stresses the moral imperative of each stakeholder to share the burden in ensuring that refugees are protected from harm and can contribute to the economic, social and cultural fabric of the communities where they reside.<\/p>\n\n\n\n<p>The Global Refugee Forum (GRF) convenes every four years <a href=\"https:\/\/www.unhcr.org\/indicator-report-2023\" target=\"_blank\" rel=\"noreferrer noopener\">to take stock<\/a> of the implementation of the Compact. Host countries, donors, service providing organisations as well as research organisations come together to plan and <a href=\"https:\/\/globalcompactrefugees.org\/pledges-contributions\" target=\"_blank\" rel=\"noreferrer noopener\">pledge<\/a> concrete commitments and actions to be taken in the next four year period. <\/p>\n\n\n\n<figure class=\"wp-block-image size-large\"><img loading=\"lazy\" decoding=\"async\" width=\"1024\" height=\"683\" src=\"https:\/\/www.kirkonulkomaanapu.fi\/wp-content\/uploads\/2023\/11\/NuhaUtoum-3-3-1024x683.jpg\" alt=\"A smiling woman in a hijab holds a camera\" class=\"wp-image-144600\" srcset=\"https:\/\/www.kirkonulkomaanapu.fi\/wp-content\/uploads\/2023\/11\/NuhaUtoum-3-3-1024x683.jpg 1024w, https:\/\/www.kirkonulkomaanapu.fi\/wp-content\/uploads\/2023\/11\/NuhaUtoum-3-3-480x320.jpg 480w, https:\/\/www.kirkonulkomaanapu.fi\/wp-content\/uploads\/2023\/11\/NuhaUtoum-3-3-768x512.jpg 768w, https:\/\/www.kirkonulkomaanapu.fi\/wp-content\/uploads\/2023\/11\/NuhaUtoum-3-3-1536x1024.jpg 1536w, https:\/\/www.kirkonulkomaanapu.fi\/wp-content\/uploads\/2023\/11\/NuhaUtoum-3-3-2048x1365.jpg 2048w, https:\/\/www.kirkonulkomaanapu.fi\/wp-content\/uploads\/2023\/11\/NuhaUtoum-3-3-267x178.jpg 267w, https:\/\/www.kirkonulkomaanapu.fi\/wp-content\/uploads\/2023\/11\/NuhaUtoum-3-3-1920x1280.jpg 1920w\" sizes=\"auto, (max-width: 1024px) 100vw, 1024px\" \/><\/figure>\n\n\n\n<h2 class=\"wp-block-heading\"><strong>Technical and Vocational Education and Training (TVET) and durable solutions<\/strong><\/h2>\n\n\n\n<p>Refugees\u2019 economic and social self-reliance is an integral factor in successful durable solutions for displacement. Self-reliance helps refugees contribute to their host countries or reestablish themselves in their home country. Education, skills development and access to the labor market are key in achieving this goal.<\/p>\n\n\n\n<p>TVET and skills development play a crucial role in enhancing self-reliance of refugees and host community people, through increased employability, building livelihoods and pathways to decent work through wage or self-employment. TVET provided to refugees needs to be of high quality and respond to market demands in order to be relevant and deliver skills that can be used in local labor markets. <\/p>\n\n\n\n<p>Transition services like job search support, counseling, business start-up support or other employment services are needed to facilitate labor market entry. However, high quality training and transition services alone cannot deliver impact without a legal and policy framework that allows refugees to enter the labor market or create businesses to support themselves and contribute to the economy.<\/p>\n\n\n\n<h2 class=\"wp-block-heading\" id=\"tvet-steering-committee\">TVET steering committee<\/h2>\n\n\n\n<p>Finn Church Aid recognises that we have a role to play in supporting global structural solutions for refugee protection and self-reliance. Together with our partners, International Labor Organization (ILO), UN High Commission of Refugees (UNHCR), and the German Agency for International Cooperation (GIZ) we have worked to create recognition for TVET as a viable refugee integration pathway. <\/p>\n\n\n\n<p>Part of this work is building the evidence base for more impactful TVET programming and advocated for progressive policies that allow for transition from learning to earning for refugees.  Since the first Global Refugee Forum in 2019 we have convened several roundtable meetings and other professional events and in 2022 <a href=\"https:\/\/www.kirkonulkomaanapu.fi\/wp-content\/uploads\/2022\/09\/2021_joint-TVET-study_v09.pdf\" target=\"_blank\" rel=\"noreferrer noopener\">published a joint research repor<\/a>t looking at various case studies and country practices on the inclusion of refugees in TVET. <\/p>\n\n\n\n<figure class=\"wp-block-image alignwide size-large is-style-default\"><img loading=\"lazy\" decoding=\"async\" width=\"1024\" height=\"768\" src=\"https:\/\/www.kirkonulkomaanapu.fi\/wp-content\/uploads\/2023\/11\/FCA_SS22_day1__0115-1024x768.jpg\" alt=\"\" class=\"wp-image-144594\" srcset=\"https:\/\/www.kirkonulkomaanapu.fi\/wp-content\/uploads\/2023\/11\/FCA_SS22_day1__0115-1024x768.jpg 1024w, https:\/\/www.kirkonulkomaanapu.fi\/wp-content\/uploads\/2023\/11\/FCA_SS22_day1__0115-480x360.jpg 480w, https:\/\/www.kirkonulkomaanapu.fi\/wp-content\/uploads\/2023\/11\/FCA_SS22_day1__0115-768x576.jpg 768w, https:\/\/www.kirkonulkomaanapu.fi\/wp-content\/uploads\/2023\/11\/FCA_SS22_day1__0115-1536x1151.jpg 1536w, https:\/\/www.kirkonulkomaanapu.fi\/wp-content\/uploads\/2023\/11\/FCA_SS22_day1__0115-2048x1535.jpg 2048w, https:\/\/www.kirkonulkomaanapu.fi\/wp-content\/uploads\/2023\/11\/FCA_SS22_day1__0115-237x178.jpg 237w, https:\/\/www.kirkonulkomaanapu.fi\/wp-content\/uploads\/2023\/11\/FCA_SS22_day1__0115-1920x1439.jpg 1920w\" sizes=\"auto, (max-width: 1024px) 100vw, 1024px\" \/><\/figure>\n\n\n\n<h2 class=\"wp-block-heading\" id=\"report\"><strong>About the 2023 report<\/strong><\/h2>\n\n\n\n<p>In the run-up to the Global Refugee Forum 2023 FCA and partners have again collaborated to commission a major report, which examines how financial and policy investments in TVET and skills development for refugees impacts on the economic status of individuals, families, and communities, and contributes to local and national economies in host countries.&nbsp; <\/p>\n\n\n\n<p><em>&#8220;<a href=\"https:\/\/www.kirkonulkomaanapu.fi\/wp-content\/uploads\/2023\/12\/Refugee-TVET-Final-Report-Dec-2023.pdf\" target=\"_blank\" rel=\"noreferrer noopener\">Economic and labour market impacts of TVET for refugees in LMICs<\/a>&#8220;<\/em> assesses the available evidence on the economic and labour market effects of TVET for refugees in low- and middle-income countries, evaluates the reliability of the evidence, identifies key factors influencing the success of TVET programs, and explores the implications for policy, practice, and future research. Six <a href=\"#recommendations\" target=\"_blank\" rel=\"noreferrer noopener\">recommendations<\/a> (see below) were found pertaining to the formulation of TVET programmes. <\/p>\n\n\n\n<p>However, the systematic literature review also revealed the gap in research and valid and reliable evidence on how TVET programming and employment lead to economic impact beyond the individual. There is a need for further research to understand policy implications that skilling of refugees and opening up the formal labor market would have in refugee hosting low- and middle- income countries.&nbsp;<\/p>\n\n\n\n<p class=\"is-style-ingress\">Download the summary <a href=\"https:\/\/www.kirkonulkomaanapu.fi\/wp-content\/uploads\/2023\/12\/2pager_Recommendations_2023_Final.pdf\" target=\"_blank\" rel=\"noreferrer noopener\">here<\/a><\/p>\n\n\n\n<p class=\"is-style-ingress\">Download the entire report <a href=\"https:\/\/www.kirkonulkomaanapu.fi\/wp-content\/uploads\/2025\/02\/Refugee-TVET-Final-Report-Dec-2023.pdf\" target=\"_blank\" rel=\"noreferrer noopener\">here<\/a><\/p>\n\n\n\n\n<div class=\"block-image-beside-content full-width id-block has-bg\">\n    <div class=\"container-lg\">\n        <div class=\"row\">\n            <div class=\"col col-12 col-lg-6\">\n                <div class=\"align-image\">\n                                        <img decoding=\"async\" class=\"image\" alt=\"\" src=\"https:\/\/www.kirkonulkomaanapu.fi\/wp-content\/uploads\/2023\/11\/1C6A9159-1024x683.jpg\" loading=\"lazy\" srcset=\"https:\/\/www.kirkonulkomaanapu.fi\/wp-content\/uploads\/2023\/11\/1C6A9159-480x320.jpg 320w, https:\/\/www.kirkonulkomaanapu.fi\/wp-content\/uploads\/2023\/11\/1C6A9159-1024x683.jpg 991w\" sizes=\"auto, (max-width: 991px) 150px\" width=\"1024\" height=\"683\">\n                                    <\/div>\n            <\/div>\n            <div class=\"col col-12 col-lg-6\">\n                <div class=\"align-content\">\n                    <div class=\"inner-blocks entry-content\">\n                        \n\n<h2 class=\"wp-block-heading\" id=\"recommendations\">Key recommendations<br>from the study<\/h2>\n\n\n\n<ul class=\"wp-block-list\">\n<li>Permit refugees to work in the sector or occupation in which they are being trained through legal or policy frameworks.<\/li>\n\n\n\n<li>Make TVET provision relevant to what is demanded by the labour market.<\/li>\n\n\n\n<li>Support and motivate learners to navigate employment opportunities during and after their training.<\/li>\n\n\n\n<li>Tackle socio-cultural barriers to refugee employment, especially those faced by women.<\/li>\n\n\n\n<li>Build a more rigorous evidence base on the impact of TVET on refugees.<\/li>\n\n\n\n<li>Work with the private sector to improve refugees\u2019 business skills and opportunities.<\/li>\n<\/ul>\n\n\n                    <\/div>\n                <\/div>\n            <\/div>\n        <\/div>\n    <\/div>\n<\/div>\n\n\n\n<h2 class=\"wp-block-heading\"><strong>About the committee&#8217;s 2023 pledge<\/strong><\/h2>\n\n\n\n<p>The steering committee has already jointly convened events, conducted research and engaged in collective advocacy to strengthen approaches to enhancing and expanding access to TVET and skills development for refugee and host communities.&nbsp;&nbsp;&nbsp;&nbsp; <\/p>\n\n\n\n<p>In the period between the 2023 and 2027 GRF we pledge to:<\/p>\n\n\n\n<ul class=\"wp-block-list\">\n<li><strong>Convene one or more roundtable meetings focused on refugee inclusion in TVET<\/strong><br><br><\/li>\n\n\n\n<li><strong>Conduct periodic research to strengthen the evidence base on refugee and host community participation in TVET and skills development<\/strong><br><br><\/li>\n\n\n\n<li><strong>Engage in joint advocacy to generate additional commitments and stakeholder engagement on TVET and skills development in the context of the humanitarian development nexus<\/strong><br><\/li>\n<\/ul>\n\n\n\n<p>The pledge is part of <a href=\"https:\/\/globalcompactrefugees.org\/pledges-contributions\/multistakeholder-pledges-2023\/multistakeholder-pledge-achieving-15-enrolment\" target=\"_blank\" rel=\"noreferrer noopener\">&#8220;15by30&#8221; megapledge<\/a> for refugee tertiary education. <\/p>\n\n\n\n<figure class=\"wp-block-image size-large\"><img loading=\"lazy\" decoding=\"async\" width=\"1024\" height=\"683\" src=\"https:\/\/www.kirkonulkomaanapu.fi\/wp-content\/uploads\/2023\/11\/1C6A8791-1024x683.jpg\" alt=\"\" class=\"wp-image-144591\" srcset=\"https:\/\/www.kirkonulkomaanapu.fi\/wp-content\/uploads\/2023\/11\/1C6A8791-1024x683.jpg 1024w, https:\/\/www.kirkonulkomaanapu.fi\/wp-content\/uploads\/2023\/11\/1C6A8791-480x320.jpg 480w, https:\/\/www.kirkonulkomaanapu.fi\/wp-content\/uploads\/2023\/11\/1C6A8791-768x512.jpg 768w, https:\/\/www.kirkonulkomaanapu.fi\/wp-content\/uploads\/2023\/11\/1C6A8791-1536x1024.jpg 1536w, https:\/\/www.kirkonulkomaanapu.fi\/wp-content\/uploads\/2023\/11\/1C6A8791-2048x1365.jpg 2048w, https:\/\/www.kirkonulkomaanapu.fi\/wp-content\/uploads\/2023\/11\/1C6A8791-267x178.jpg 267w, https:\/\/www.kirkonulkomaanapu.fi\/wp-content\/uploads\/2023\/11\/1C6A8791-1920x1280.jpg 1920w\" sizes=\"auto, (max-width: 1024px) 100vw, 1024px\" \/><\/figure>\n\n\n\n<h2 class=\"wp-block-heading\" id=\"partners\">About the steering committee partners<\/h2>\n\n\n\n<div class=\"wp-block-columns is-layout-flex wp-container-core-columns-is-layout-9d6595d7 wp-block-columns-is-layout-flex\">\n<div class=\"wp-block-column is-layout-flow wp-block-column-is-layout-flow\">\n<figure class=\"wp-block-image size-full is-style-default\"><img loading=\"lazy\" decoding=\"async\" width=\"894\" height=\"953\" src=\"https:\/\/www.kirkonulkomaanapu.fi\/wp-content\/uploads\/2022\/09\/UNHCR_logo_new.jpg\" alt=\"\" class=\"wp-image-132871\" srcset=\"https:\/\/www.kirkonulkomaanapu.fi\/wp-content\/uploads\/2022\/09\/UNHCR_logo_new.jpg 894w, https:\/\/www.kirkonulkomaanapu.fi\/wp-content\/uploads\/2022\/09\/UNHCR_logo_new-450x480.jpg 450w, https:\/\/www.kirkonulkomaanapu.fi\/wp-content\/uploads\/2022\/09\/UNHCR_logo_new-768x819.jpg 768w, https:\/\/www.kirkonulkomaanapu.fi\/wp-content\/uploads\/2022\/09\/UNHCR_logo_new-167x178.jpg 167w\" sizes=\"auto, (max-width: 894px) 100vw, 894px\" \/><\/figure>\n<\/div>\n\n\n\n<div class=\"wp-block-column is-layout-flow wp-block-column-is-layout-flow\">\n<p><br><br><em>UN Refugee Agency<\/em><br>UNHCR\u2019s education strategy, <a href=\"https:\/\/www.unhcr.org\/publications\/education\/5d651da88d7\/education-2030-strategy-refugee-education.html\">Refugee Education 2030<\/a>, underscores the importance of enabling learners to use their education towards sustainable futures. fosters the scale-up of evidence-based strategies for <a href=\"https:\/\/www.unhcr.org\/what-we-do\/build-better-futures\/education\/tertiary-education\/technical-and-vocational-education-and\" target=\"_blank\" rel=\"noreferrer noopener\">inclusion of refugees in TVET<\/a>. <\/p>\n<\/div>\n<\/div>\n\n\n\n<div class=\"wp-block-columns is-layout-flex wp-container-core-columns-is-layout-9d6595d7 wp-block-columns-is-layout-flex\">\n<div class=\"wp-block-column is-layout-flow wp-block-column-is-layout-flow\">\n<figure class=\"wp-block-image size-full is-style-default\"><img loading=\"lazy\" decoding=\"async\" width=\"400\" height=\"400\" src=\"https:\/\/www.kirkonulkomaanapu.fi\/wp-content\/uploads\/2022\/08\/ilo_logo_vector_testi.png\" alt=\"ILO logo\" class=\"wp-image-132394\" srcset=\"https:\/\/www.kirkonulkomaanapu.fi\/wp-content\/uploads\/2022\/08\/ilo_logo_vector_testi.png 400w, https:\/\/www.kirkonulkomaanapu.fi\/wp-content\/uploads\/2022\/08\/ilo_logo_vector_testi-225x225.png 225w, https:\/\/www.kirkonulkomaanapu.fi\/wp-content\/uploads\/2022\/08\/ilo_logo_vector_testi-178x178.png 178w\" sizes=\"auto, (max-width: 400px) 100vw, 400px\" \/><\/figure>\n<\/div>\n\n\n\n<div class=\"wp-block-column is-layout-flow wp-block-column-is-layout-flow\">\n<p><br><br><em>International Labour Organization<\/em><br>The ILO\u2019s work on <a href=\"https:\/\/www.ilo.org\/skills\/areas\/skills-for-youth-employment\/WCMS_807273\/lang--en\/index.htm\" target=\"_blank\" rel=\"noreferrer noopener\">skills and employability<\/a> promotes inclusive and effective skills and lifelong learning systems, including for forcibly displaced people and host communities to foster resilient, peaceful and sustainable communities.<\/p>\n<\/div>\n<\/div>\n\n\n\n<div class=\"wp-block-columns is-layout-flex wp-container-core-columns-is-layout-9d6595d7 wp-block-columns-is-layout-flex\">\n<div class=\"wp-block-column is-layout-flow wp-block-column-is-layout-flow\">\n<figure class=\"wp-block-image size-full is-resized is-style-default\"><img loading=\"lazy\" decoding=\"async\" width=\"255\" height=\"198\" src=\"https:\/\/www.kirkonulkomaanapu.fi\/wp-content\/uploads\/2022\/08\/MicrosoftTeams-image-8.png\" alt=\"\" class=\"wp-image-132397\" style=\"width:321px;height:250px\" srcset=\"https:\/\/www.kirkonulkomaanapu.fi\/wp-content\/uploads\/2022\/08\/MicrosoftTeams-image-8.png 255w, https:\/\/www.kirkonulkomaanapu.fi\/wp-content\/uploads\/2022\/08\/MicrosoftTeams-image-8-229x178.png 229w\" sizes=\"auto, (max-width: 255px) 100vw, 255px\" \/><\/figure>\n<\/div>\n\n\n\n<div class=\"wp-block-column is-layout-flow wp-block-column-is-layout-flow\">\n<p><br><br><em>Deutsche Gesellschaft f\u00fcr Internationale Zusammenarbeit (GIZ)<\/em><br>GIZ supports partner countries in expanding and improving the quality of <a href=\"https:\/\/www.giz.de\/expertise\/html\/60014.html\" target=\"_blank\" rel=\"noreferrer noopener\">technical and vocational education and training<\/a> systems.<\/p>\n<\/div>\n<\/div>\n\n\n\n<div class=\"wp-block-columns is-layout-flex wp-container-core-columns-is-layout-9d6595d7 wp-block-columns-is-layout-flex\">\n<div class=\"wp-block-column is-layout-flow wp-block-column-is-layout-flow\">\n<figure class=\"wp-block-image size-full is-style-default\"><img loading=\"lazy\" decoding=\"async\" width=\"512\" height=\"512\" src=\"https:\/\/www.kirkonulkomaanapu.fi\/wp-content\/uploads\/2014\/04\/cropped-FCA_logo_300.png\" alt=\"\" class=\"wp-image-114617\" srcset=\"https:\/\/www.kirkonulkomaanapu.fi\/wp-content\/uploads\/2014\/04\/cropped-FCA_logo_300.png 512w, https:\/\/www.kirkonulkomaanapu.fi\/wp-content\/uploads\/2014\/04\/cropped-FCA_logo_300-480x480.png 480w, https:\/\/www.kirkonulkomaanapu.fi\/wp-content\/uploads\/2014\/04\/cropped-FCA_logo_300-225x225.png 225w, https:\/\/www.kirkonulkomaanapu.fi\/wp-content\/uploads\/2014\/04\/cropped-FCA_logo_300-178x178.png 178w, https:\/\/www.kirkonulkomaanapu.fi\/wp-content\/uploads\/2014\/04\/cropped-FCA_logo_300-270x270.png 270w, https:\/\/www.kirkonulkomaanapu.fi\/wp-content\/uploads\/2014\/04\/cropped-FCA_logo_300-192x192.png 192w, https:\/\/www.kirkonulkomaanapu.fi\/wp-content\/uploads\/2014\/04\/cropped-FCA_logo_300-180x180.png 180w, https:\/\/www.kirkonulkomaanapu.fi\/wp-content\/uploads\/2014\/04\/cropped-FCA_logo_300-32x32.png 32w\" sizes=\"auto, (max-width: 512px) 100vw, 512px\" \/><\/figure>\n<\/div>\n\n\n\n<div class=\"wp-block-column is-layout-flow wp-block-column-is-layout-flow\">\n<p><\/p>\n\n\n\n<p><br><em>Finn Church Aid<\/em><br>FCA works for quality Technical and Vocational Education and Training (<a href=\"https:\/\/www.kirkonulkomaanapu.fi\/en\/work\/education\/#tvet\" target=\"_blank\" rel=\"noreferrer noopener\">TVET<\/a>) and support youth\u2019s transition to working life while advocating for functional cooperation with the private sector.<\/p>\n<\/div>\n<\/div>\n\n\n\n\n<div class=\"block-image-beside-content full-width id-block has-bg\">\n    <div class=\"container-lg\">\n        <div class=\"row\">\n            <div class=\"col col-12 col-lg-6\">\n                <div class=\"align-image\">\n                                        <img decoding=\"async\" class=\"image\" alt=\"A graphic reading \"ECONOMIC AND LABOUR MARKET IMPACTS OF TECHNICAL AND VOCATIONAL EDUCATION AND TRAINING FOR REFUGEES IN LOW AND MIDDLE INCOME COUNTRIES RIGOROUS EVIDENCE REVIEW October 2023\"\" src=\"https:\/\/www.kirkonulkomaanapu.fi\/wp-content\/uploads\/2025\/02\/Refugee-TVET-final-Report-front-page-1024x628.png\" loading=\"lazy\" srcset=\"https:\/\/www.kirkonulkomaanapu.fi\/wp-content\/uploads\/2025\/02\/Refugee-TVET-final-Report-front-page-480x294.png 320w, https:\/\/www.kirkonulkomaanapu.fi\/wp-content\/uploads\/2025\/02\/Refugee-TVET-final-Report-front-page-1024x628.png 991w\" sizes=\"auto, (max-width: 991px) 150px\" width=\"1024\" height=\"628\">\n                                    <\/div>\n            <\/div>\n            <div class=\"col col-12 col-lg-6\">\n                <div class=\"align-content\">\n                    <div class=\"inner-blocks entry-content\">\n                        \n\n<h2 class=\"wp-block-heading\"><strong><strong>Download the full report here<\/strong><\/strong><\/h2>\n\n\n\n<div class=\"wp-block-buttons is-layout-flex wp-block-buttons-is-layout-flex\">\n<div class=\"wp-block-button\"><a class=\"wp-block-button__link wp-element-button\" href=\"https:\/\/www.kirkonulkomaanapu.fi\/wp-content\/uploads\/2025\/02\/Refugee-TVET-Final-Report-Dec-2023.pdf\" target=\"_blank\" rel=\"noreferrer noopener\">PDF (2.5 MB)<\/a><\/div>\n<\/div>\n\n\n                    <\/div>\n                <\/div>\n            <\/div>\n        <\/div>\n    <\/div>\n<\/div>\n\n\n\n<div class=\"wp-block-columns is-layout-flex wp-container-core-columns-is-layout-9d6595d7 wp-block-columns-is-layout-flex\">\n<div class=\"wp-block-column is-layout-flow wp-block-column-is-layout-flow\">\n<h3 class=\"wp-block-heading\">Media Contact<\/h3>\n\n\n\n<p><strong>Ms Ruth Owen<\/strong>&nbsp;<br>Manager of International Communications, Finn Church Aid<br>E-mail: Ruth.Owen[a]kua.fi<\/p>\n<\/div>\n\n\n\n<div class=\"wp-block-column is-layout-flow wp-block-column-is-layout-flow\">\n<h3 class=\"wp-block-heading\"><\/h3>\n<\/div>\n<\/div>\n\n\n\n\n<div class=\"block-latest-articles-from-category full-width id-block\">\n\t<div class=\"container-lg\">\n\t\t\t\t<div class=\"row\">\n\t\t\t<div class=\"col\">\n\t\t\t\t<h2 class=\"block-title\"><span class=\"bg\">YOU MAY ALSO BE INTERESTED IN<\/span><\/h2>\n\t\t\t<\/div>\n\t\t<\/div>\n\t\t\n\t\t<div class=\"row articles\">\n\t\t\t\n\t\t\t\t<section class=\"article-carousel\">\n\t\t\t\t\t<div class=\"article-carousel-container\">\n\t\t\t\t\t\t\t\t\t\t\t<div class=\"carousel-item\">\n\t\t\t\t\t\t\t\n<div class=\"article-card article-card__default\">\n\t<a href=\"https:\/\/www.kirkonulkomaanapu.fi\/en\/latest-news\/articles\/ukraine-needs-more-than-just-hope\/\">\n\t\t<div class=\"article-thumbnail\">\n\t\t\t\t\t\t<img decoding=\"async\" src=\"https:\/\/www.kirkonulkomaanapu.fi\/wp-content\/uploads\/2025\/11\/ukrain-tekoja-8-480x320.jpg\" alt=\"Ukraine needs more than just hope\" loading=\"lazy\" width=\"480\" height=\"320\">\n\t\t\t\t\t<\/div>\n\t<\/a>\n\n\t<div class=\"article-meta\">\n\t\t<span>Article<\/span><span>17.11.2025<\/span>\t<\/div>\n\n\t<a href=\"https:\/\/www.kirkonulkomaanapu.fi\/en\/latest-news\/articles\/ukraine-needs-more-than-just-hope\/\"><h3 class=\"article-title\">Ukraine needs more than just hope<\/h3><\/a>\n<\/div>\t\t\t\t\t\t<\/div>    \n\t\t\t\t\t\t\t\t\t\t\t<div class=\"carousel-item\">\n\t\t\t\t\t\t\t\n<div class=\"article-card article-card__default\">\n\t<a href=\"https:\/\/www.kirkonulkomaanapu.fi\/en\/latest-news\/articles\/i-couldnt-just-stay-at-home-waiting-for-my-husbands-money-victorias-businesses-support-both-her-and-the-former-breadbasket-of-south-sudan\/\">\n\t\t<div class=\"article-thumbnail\">\n\t\t\t\t\t\t<img decoding=\"async\" src=\"https:\/\/www.kirkonulkomaanapu.fi\/wp-content\/uploads\/2025\/09\/IMG_6141-hero-480x220.jpg\" alt=\"&#8220;I couldn\u2019t just stay at home waiting for my husband\u2019s money\u201d\" loading=\"lazy\" width=\"480\" height=\"220\">\n\t\t\t\t\t<\/div>\n\t<\/a>\n\n\t<div class=\"article-meta\">\n\t\t<span>Article<\/span><span>11.9.2025<\/span>\t<\/div>\n\n\t<a href=\"https:\/\/www.kirkonulkomaanapu.fi\/en\/latest-news\/articles\/i-couldnt-just-stay-at-home-waiting-for-my-husbands-money-victorias-businesses-support-both-her-and-the-former-breadbasket-of-south-sudan\/\"><h3 class=\"article-title\">&#8220;I couldn\u2019t just stay at home waiting for my husband\u2019s money\u201d<\/h3><\/a>\n<\/div>\t\t\t\t\t\t<\/div>    \n\t\t\t\t\t\t\t\t\t\t\t<div class=\"carousel-item\">\n\t\t\t\t\t\t\t\n<div class=\"article-card article-card__default\">\n\t<a href=\"https:\/\/www.kirkonulkomaanapu.fi\/en\/latest-news\/articles\/braiding-hope-and-healing-marys-new-beginning-in-uganda\/\">\n\t\t<div class=\"article-thumbnail\">\n\t\t\t\t\t\t<img decoding=\"async\" src=\"https:\/\/www.kirkonulkomaanapu.fi\/wp-content\/uploads\/2025\/07\/TVET-RETI-Mary-7-270x480.jpg\" alt=\"Braiding hope and healing: Mary\u2019s new beginning in Uganda\u00a0\" loading=\"lazy\" width=\"270\" height=\"480\">\n\t\t\t\t\t<\/div>\n\t<\/a>\n\n\t<div class=\"article-meta\">\n\t\t<span>Article<\/span><span>3.7.2025<\/span>\t<\/div>\n\n\t<a href=\"https:\/\/www.kirkonulkomaanapu.fi\/en\/latest-news\/articles\/braiding-hope-and-healing-marys-new-beginning-in-uganda\/\"><h3 class=\"article-title\">Braiding hope and healing: Mary\u2019s new beginning in Uganda\u00a0<\/h3><\/a>\n<\/div>\t\t\t\t\t\t<\/div>    \n\t\t\t\t\t\t\t\t\t\t\t<div class=\"carousel-item\">\n\t\t\t\t\t\t\t\n<div class=\"article-card article-card__default\">\n\t<a href=\"https:\/\/www.kirkonulkomaanapu.fi\/en\/latest-news\/articles\/i-asked-fca-to-let-me-train-other-girls-like-i-had-been-trained-vocational-training-by-local-artisans-enables-refugee-youth\/\">\n\t\t<div class=\"article-thumbnail\">\n\t\t\t\t\t\t<img decoding=\"async\" src=\"https:\/\/www.kirkonulkomaanapu.fi\/wp-content\/uploads\/2025\/04\/RETI-small-33-480x320.jpg\" alt=\"\u201cI asked FCA to let me train other girls like I had been trained\u201c \u2013 \u00a0vocational training by local artisans enables refugee youth\" loading=\"lazy\" width=\"480\" height=\"320\">\n\t\t\t\t\t<\/div>\n\t<\/a>\n\n\t<div class=\"article-meta\">\n\t\t<span>Article<\/span><span>30.4.2025<\/span>\t<\/div>\n\n\t<a href=\"https:\/\/www.kirkonulkomaanapu.fi\/en\/latest-news\/articles\/i-asked-fca-to-let-me-train-other-girls-like-i-had-been-trained-vocational-training-by-local-artisans-enables-refugee-youth\/\"><h3 class=\"article-title\">\u201cI asked FCA to let me train other girls like I had been trained\u201c \u2013 \u00a0vocational training by local artisans enables refugee youth<\/h3><\/a>\n<\/div>\t\t\t\t\t\t<\/div>    \n\t\t\t\t\t\t\t\t\t\t\t<div class=\"carousel-item\">\n\t\t\t\t\t\t\t\n<div class=\"article-card article-card__default\">\n\t<a href=\"https:\/\/www.kirkonulkomaanapu.fi\/en\/ajankohtaista\/blogi\/at-inaugural-africa-skills-week-fca-giz-ilo-and-unhcr-bring-refugees-to-the-table\/\">\n\t\t<div class=\"article-thumbnail\">\n\t\t\t\t\t\t<img decoding=\"async\" src=\"https:\/\/www.kirkonulkomaanapu.fi\/wp-content\/uploads\/2024\/10\/Group-Photo-480x480.jpeg\" alt=\"At inaugural Africa Skills Week, FCA, GIZ , ILO and UNHCR bring refugees to the table\" loading=\"lazy\" width=\"480\" height=\"480\">\n\t\t\t\t\t<\/div>\n\t<\/a>\n\n\t<div class=\"article-meta\">\n\t\t<span>Blog<\/span><span>18.10.2024<\/span>\t<\/div>\n\n\t<a href=\"https:\/\/www.kirkonulkomaanapu.fi\/en\/ajankohtaista\/blogi\/at-inaugural-africa-skills-week-fca-giz-ilo-and-unhcr-bring-refugees-to-the-table\/\"><h3 class=\"article-title\">At inaugural Africa Skills Week, FCA, GIZ , ILO and UNHCR bring refugees to the table<\/h3><\/a>\n<\/div>\t\t\t\t\t\t<\/div>    \n\t\t\t\t\t\t\t\t\t\t\t<div class=\"carousel-item\">\n\t\t\t\t\t\t\t\n<div class=\"article-card article-card__default\">\n\t<a href=\"https:\/\/www.kirkonulkomaanapu.fi\/en\/latest-news\/news\/fca-strengthens-technical-and-vocational-education-and-training-tvet-in-ukraine-amidst-conflict\/\">\n\t\t<div class=\"article-thumbnail\">\n\t\t\t\t\t\t<img decoding=\"async\" src=\"https:\/\/www.kirkonulkomaanapu.fi\/wp-content\/uploads\/2024\/09\/IMG_2250-480x360.jpg\" alt=\"FCA strengthens Technical and Vocational Education and Training (TVET) in Ukraine amidst conflict\u00a0\" loading=\"lazy\" width=\"480\" height=\"360\">\n\t\t\t\t\t<\/div>\n\t<\/a>\n\n\t<div class=\"article-meta\">\n\t\t<span>News<\/span><span>13.9.2024<\/span>\t<\/div>\n\n\t<a href=\"https:\/\/www.kirkonulkomaanapu.fi\/en\/latest-news\/news\/fca-strengthens-technical-and-vocational-education-and-training-tvet-in-ukraine-amidst-conflict\/\"><h3 class=\"article-title\">FCA strengthens Technical and Vocational Education and Training (TVET) in Ukraine amidst conflict\u00a0<\/h3><\/a>\n<\/div>\t\t\t\t\t\t<\/div>    \n\t\t\t\t\t\t\t\t\t\t<\/div>\n\t\t\t\t<\/section>\n\n\t\t\t\t\t<\/div>\n\n\t<\/div>\t\n<\/div>\n\n\n\n\n<div class=\"block-themes full-width id-block\">\n\t<div class=\"container-lg\">\n\t\t\t\t<div class=\"row justify-content-center themes\">\n\t\t\t\t\t<\/div>\n\t<\/div>\t\n<\/div>","protected":false},"excerpt":{"rendered":"<p>FCA and its partners are jointly committing to collaboration as an informal steering committee dedicated to expanding refugee inclusion in technical and vocational education and training (TVET). They have produced a new evidence-based report on the economic impact of TVET for 2023, in the spirit of the Global Compact on Refugees and aligned to the [&hellip;]<\/p>\n","protected":false},"author":183,"featured_media":145229,"parent":0,"menu_order":0,"comment_status":"closed","ping_status":"closed","template":"","meta":{"_acf_changed":false,"_relevanssi_hide_post":"","_relevanssi_hide_content":"","_relevanssi_pin_for_all":"","_relevanssi_pin_keywords":"","_relevanssi_unpin_keywords":"","_relevanssi_related_keywords":"","_relevanssi_related_include_ids":"","_relevanssi_related_exclude_ids":"","_relevanssi_related_no_append":"","_relevanssi_related_not_related":"","_relevanssi_related_posts":"74313,109706,64393,86522,74884,107348","_relevanssi_noindex_reason":"","_improvement_type_select":"improve_an_existing","_thumb_yes_seoaic":false,"_frame_yes_seoaic":false,"seoaic_generate_description":"","seoaic_improve_instructions_prompt":"","seoaic_rollback_content_improvement":"","seoaic_idea_thumbnail_generator":"","thumbnail_generated":false,"thumbnail_generate_prompt":"","seoaic_article_description":"","footnotes":""},"class_list":["post-144439","page","type-page","status-publish","has-post-thumbnail","hentry"],"acf":[],"yoast_head":"<!-- This site is optimized with the Yoast SEO plugin v26.9 - https:\/\/yoast.com\/product\/yoast-seo-wordpress\/ -->\n<title>Boosting refugees&#039; self-reliance through TVET - FCA Finn Church Aid<\/title>\n<meta name=\"description\" content=\"FCA and its partners are jointly committing to collaboration as an informal steering committee dedicated to expanding refugee inclusion in technical and vocational education and training (TVET).\" \/>\n<meta name=\"robots\" content=\"index, follow, max-snippet:-1, max-image-preview:large, max-video-preview:-1\" \/>\n<link rel=\"canonical\" href=\"https:\/\/www.kirkonulkomaanapu.fi\/en\/tvet-report\/\" \/>\n<meta property=\"og:locale\" content=\"en_US\" \/>\n<meta property=\"og:type\" content=\"article\" \/>\n<meta property=\"og:title\" content=\"Boosting refugees&#039; self-reliance through TVET - FCA Finn Church Aid\" \/>\n<meta property=\"og:description\" content=\"FCA and its partners are jointly committing to collaboration as an informal steering committee dedicated to expanding refugee inclusion in technical and vocational education and training (TVET).\" \/>\n<meta property=\"og:url\" content=\"https:\/\/www.kirkonulkomaanapu.fi\/en\/tvet-report\/\" \/>\n<meta property=\"og:site_name\" content=\"FCA Finn Church Aid\" \/>\n<meta property=\"article:publisher\" content=\"https:\/\/www.facebook.com\/Ulkomaanapu\/\" \/>\n<meta property=\"article:modified_time\" content=\"2025-02-20T11:25:16+00:00\" \/>\n<meta property=\"og:image\" content=\"https:\/\/www.kirkonulkomaanapu.fi\/wp-content\/uploads\/2023\/12\/160404_IGIZ_PHT13_HERO.jpg\" \/>\n\t<meta property=\"og:image:width\" content=\"1920\" \/>\n\t<meta property=\"og:image:height\" content=\"880\" \/>\n\t<meta property=\"og:image:type\" content=\"image\/jpeg\" \/>\n<meta name=\"twitter:label1\" content=\"Est. reading time\" \/>\n\t<meta name=\"twitter:data1\" content=\"7 minutes\" \/>\n<script type=\"application\/ld+json\" class=\"yoast-schema-graph\">{\"@context\":\"https:\/\/schema.org\",\"@graph\":[{\"@type\":\"WebPage\",\"@id\":\"https:\/\/www.kirkonulkomaanapu.fi\/en\/tvet-report\/\",\"url\":\"https:\/\/www.kirkonulkomaanapu.fi\/en\/tvet-report\/\",\"name\":\"Boosting refugees' self-reliance through TVET - FCA Finn Church Aid\",\"isPartOf\":{\"@id\":\"https:\/\/www.kirkonulkomaanapu.fi\/#website\"},\"primaryImageOfPage\":{\"@id\":\"https:\/\/www.kirkonulkomaanapu.fi\/en\/tvet-report\/#primaryimage\"},\"image\":{\"@id\":\"https:\/\/www.kirkonulkomaanapu.fi\/en\/tvet-report\/#primaryimage\"},\"thumbnailUrl\":\"https:\/\/www.kirkonulkomaanapu.fi\/wp-content\/uploads\/2023\/12\/160404_IGIZ_PHT13_HERO.jpg\",\"datePublished\":\"2023-11-28T12:29:47+00:00\",\"dateModified\":\"2025-02-20T11:25:16+00:00\",\"description\":\"FCA and its partners are jointly committing to collaboration as an informal steering committee dedicated to expanding refugee inclusion in technical and vocational education and training (TVET).\",\"breadcrumb\":{\"@id\":\"https:\/\/www.kirkonulkomaanapu.fi\/en\/tvet-report\/#breadcrumb\"},\"inLanguage\":\"en-US\",\"potentialAction\":[{\"@type\":\"ReadAction\",\"target\":[\"https:\/\/www.kirkonulkomaanapu.fi\/en\/tvet-report\/\"]}]},{\"@type\":\"ImageObject\",\"inLanguage\":\"en-US\",\"@id\":\"https:\/\/www.kirkonulkomaanapu.fi\/en\/tvet-report\/#primaryimage\",\"url\":\"https:\/\/www.kirkonulkomaanapu.fi\/wp-content\/uploads\/2023\/12\/160404_IGIZ_PHT13_HERO.jpg\",\"contentUrl\":\"https:\/\/www.kirkonulkomaanapu.fi\/wp-content\/uploads\/2023\/12\/160404_IGIZ_PHT13_HERO.jpg\",\"width\":1920,\"height\":880,\"caption\":\"In einer Berufsschule im jordanischden Irbid werden syrische Fluechtlinge als Klempnerinnen ausgebildet.\"},{\"@type\":\"BreadcrumbList\",\"@id\":\"https:\/\/www.kirkonulkomaanapu.fi\/en\/tvet-report\/#breadcrumb\",\"itemListElement\":[{\"@type\":\"ListItem\",\"position\":1,\"name\":\"Home\",\"item\":\"https:\/\/www.kirkonulkomaanapu.fi\/en\/\"},{\"@type\":\"ListItem\",\"position\":2,\"name\":\"Boosting refugees&#8217; self-reliance through TVET\"}]},{\"@type\":\"WebSite\",\"@id\":\"https:\/\/www.kirkonulkomaanapu.fi\/#website\",\"url\":\"https:\/\/www.kirkonulkomaanapu.fi\/\",\"name\":\"Kirkon Ulkomaanapu\",\"description\":\"Suomen suurin kehitysyhteisty\u00f6j\u00e4rjest\u00f6\",\"publisher\":{\"@id\":\"https:\/\/www.kirkonulkomaanapu.fi\/#organization\"},\"alternateName\":\"KUA\",\"potentialAction\":[{\"@type\":\"SearchAction\",\"target\":{\"@type\":\"EntryPoint\",\"urlTemplate\":\"https:\/\/www.kirkonulkomaanapu.fi\/?s={search_term_string}\"},\"query-input\":{\"@type\":\"PropertyValueSpecification\",\"valueRequired\":true,\"valueName\":\"search_term_string\"}}],\"inLanguage\":\"en-US\"},{\"@type\":\"Organization\",\"@id\":\"https:\/\/www.kirkonulkomaanapu.fi\/#organization\",\"name\":\"Kirkon Ulkomaanapu\",\"alternateName\":\"KUA\",\"url\":\"https:\/\/www.kirkonulkomaanapu.fi\/\",\"logo\":{\"@type\":\"ImageObject\",\"inLanguage\":\"en-US\",\"@id\":\"https:\/\/www.kirkonulkomaanapu.fi\/#\/schema\/logo\/image\/\",\"url\":\"https:\/\/www.kirkonulkomaanapu.fi\/wp-content\/uploads\/2026\/02\/Kirkon-ulkomaanapu-logo-1.png\",\"contentUrl\":\"https:\/\/www.kirkonulkomaanapu.fi\/wp-content\/uploads\/2026\/02\/Kirkon-ulkomaanapu-logo-1.png\",\"width\":225,\"height\":225,\"caption\":\"Kirkon Ulkomaanapu\"},\"image\":{\"@id\":\"https:\/\/www.kirkonulkomaanapu.fi\/#\/schema\/logo\/image\/\"},\"sameAs\":[\"https:\/\/www.facebook.com\/Ulkomaanapu\/\",\"https:\/\/www.youtube.com\/user\/kirkonulkomaanapu\",\"https:\/\/instagram.com\/kirkon_ulkomaanapu\/\",\"https:\/\/www.linkedin.com\/company\/finn-church-aid\/\"]}]}<\/script>\n<!-- \/ Yoast SEO plugin. -->","yoast_head_json":{"title":"Boosting refugees' self-reliance through TVET - FCA Finn Church Aid","description":"FCA and its partners are jointly committing to collaboration as an informal steering committee dedicated to expanding refugee inclusion in technical and vocational education and training (TVET).","robots":{"index":"index","follow":"follow","max-snippet":"max-snippet:-1","max-image-preview":"max-image-preview:large","max-video-preview":"max-video-preview:-1"},"canonical":"https:\/\/www.kirkonulkomaanapu.fi\/en\/tvet-report\/","og_locale":"en_US","og_type":"article","og_title":"Boosting refugees' self-reliance through TVET - FCA Finn Church Aid","og_description":"FCA and its partners are jointly committing to collaboration as an informal steering committee dedicated to expanding refugee inclusion in technical and vocational education and training (TVET).","og_url":"https:\/\/www.kirkonulkomaanapu.fi\/en\/tvet-report\/","og_site_name":"FCA Finn Church Aid","article_publisher":"https:\/\/www.facebook.com\/Ulkomaanapu\/","article_modified_time":"2025-02-20T11:25:16+00:00","og_image":[{"width":1920,"height":880,"url":"https:\/\/www.kirkonulkomaanapu.fi\/wp-content\/uploads\/2023\/12\/160404_IGIZ_PHT13_HERO.jpg","type":"image\/jpeg"}],"twitter_misc":{"Est. reading time":"7 minutes"},"schema":{"@context":"https:\/\/schema.org","@graph":[{"@type":"WebPage","@id":"https:\/\/www.kirkonulkomaanapu.fi\/en\/tvet-report\/","url":"https:\/\/www.kirkonulkomaanapu.fi\/en\/tvet-report\/","name":"Boosting refugees' self-reliance through TVET - FCA Finn Church Aid","isPartOf":{"@id":"https:\/\/www.kirkonulkomaanapu.fi\/#website"},"primaryImageOfPage":{"@id":"https:\/\/www.kirkonulkomaanapu.fi\/en\/tvet-report\/#primaryimage"},"image":{"@id":"https:\/\/www.kirkonulkomaanapu.fi\/en\/tvet-report\/#primaryimage"},"thumbnailUrl":"https:\/\/www.kirkonulkomaanapu.fi\/wp-content\/uploads\/2023\/12\/160404_IGIZ_PHT13_HERO.jpg","datePublished":"2023-11-28T12:29:47+00:00","dateModified":"2025-02-20T11:25:16+00:00","description":"FCA and its partners are jointly committing to collaboration as an informal steering committee dedicated to expanding refugee inclusion in technical and vocational education and training (TVET).","breadcrumb":{"@id":"https:\/\/www.kirkonulkomaanapu.fi\/en\/tvet-report\/#breadcrumb"},"inLanguage":"en-US","potentialAction":[{"@type":"ReadAction","target":["https:\/\/www.kirkonulkomaanapu.fi\/en\/tvet-report\/"]}]},{"@type":"ImageObject","inLanguage":"en-US","@id":"https:\/\/www.kirkonulkomaanapu.fi\/en\/tvet-report\/#primaryimage","url":"https:\/\/www.kirkonulkomaanapu.fi\/wp-content\/uploads\/2023\/12\/160404_IGIZ_PHT13_HERO.jpg","contentUrl":"https:\/\/www.kirkonulkomaanapu.fi\/wp-content\/uploads\/2023\/12\/160404_IGIZ_PHT13_HERO.jpg","width":1920,"height":880,"caption":"In einer Berufsschule im jordanischden Irbid werden syrische Fluechtlinge als Klempnerinnen ausgebildet."},{"@type":"BreadcrumbList","@id":"https:\/\/www.kirkonulkomaanapu.fi\/en\/tvet-report\/#breadcrumb","itemListElement":[{"@type":"ListItem","position":1,"name":"Home","item":"https:\/\/www.kirkonulkomaanapu.fi\/en\/"},{"@type":"ListItem","position":2,"name":"Boosting refugees&#8217; self-reliance through TVET"}]},{"@type":"WebSite","@id":"https:\/\/www.kirkonulkomaanapu.fi\/#website","url":"https:\/\/www.kirkonulkomaanapu.fi\/","name":"Kirkon Ulkomaanapu","description":"Suomen suurin kehitysyhteisty\u00f6j\u00e4rjest\u00f6","publisher":{"@id":"https:\/\/www.kirkonulkomaanapu.fi\/#organization"},"alternateName":"KUA","potentialAction":[{"@type":"SearchAction","target":{"@type":"EntryPoint","urlTemplate":"https:\/\/www.kirkonulkomaanapu.fi\/?s={search_term_string}"},"query-input":{"@type":"PropertyValueSpecification","valueRequired":true,"valueName":"search_term_string"}}],"inLanguage":"en-US"},{"@type":"Organization","@id":"https:\/\/www.kirkonulkomaanapu.fi\/#organization","name":"Kirkon Ulkomaanapu","alternateName":"KUA","url":"https:\/\/www.kirkonulkomaanapu.fi\/","logo":{"@type":"ImageObject","inLanguage":"en-US","@id":"https:\/\/www.kirkonulkomaanapu.fi\/#\/schema\/logo\/image\/","url":"https:\/\/www.kirkonulkomaanapu.fi\/wp-content\/uploads\/2026\/02\/Kirkon-ulkomaanapu-logo-1.png","contentUrl":"https:\/\/www.kirkonulkomaanapu.fi\/wp-content\/uploads\/2026\/02\/Kirkon-ulkomaanapu-logo-1.png","width":225,"height":225,"caption":"Kirkon Ulkomaanapu"},"image":{"@id":"https:\/\/www.kirkonulkomaanapu.fi\/#\/schema\/logo\/image\/"},"sameAs":["https:\/\/www.facebook.com\/Ulkomaanapu\/","https:\/\/www.youtube.com\/user\/kirkonulkomaanapu","https:\/\/instagram.com\/kirkon_ulkomaanapu\/","https:\/\/www.linkedin.com\/company\/finn-church-aid\/"]}]}},"_links":{"self":[{"href":"https:\/\/www.kirkonulkomaanapu.fi\/en\/wp-json\/wp\/v2\/pages\/144439","targetHints":{"allow":["GET"]}}],"collection":[{"href":"https:\/\/www.kirkonulkomaanapu.fi\/en\/wp-json\/wp\/v2\/pages"}],"about":[{"href":"https:\/\/www.kirkonulkomaanapu.fi\/en\/wp-json\/wp\/v2\/types\/page"}],"author":[{"embeddable":true,"href":"https:\/\/www.kirkonulkomaanapu.fi\/en\/wp-json\/wp\/v2\/users\/183"}],"replies":[{"embeddable":true,"href":"https:\/\/www.kirkonulkomaanapu.fi\/en\/wp-json\/wp\/v2\/comments?post=144439"}],"version-history":[{"count":3,"href":"https:\/\/www.kirkonulkomaanapu.fi\/en\/wp-json\/wp\/v2\/pages\/144439\/revisions"}],"predecessor-version":[{"id":153225,"href":"https:\/\/www.kirkonulkomaanapu.fi\/en\/wp-json\/wp\/v2\/pages\/144439\/revisions\/153225"}],"wp:featuredmedia":[{"embeddable":true,"href":"https:\/\/www.kirkonulkomaanapu.fi\/en\/wp-json\/wp\/v2\/media\/145229"}],"wp:attachment":[{"href":"https:\/\/www.kirkonulkomaanapu.fi\/en\/wp-json\/wp\/v2\/media?parent=144439"}],"curies":[{"name":"wp","href":"https:\/\/api.w.org\/{rel}","templated":true}]}}